{"id":106572,"date":"2024-10-01T09:57:50","date_gmt":"2024-10-01T13:57:50","guid":{"rendered":"https:\/\/adra.ca\/?page_id=106572"},"modified":"2026-02-23T16:44:23","modified_gmt":"2026-02-23T21:44:23","slug":"migrants","status":"publish","type":"page","link":"https:\/\/adra.ca\/fr\/migrants\/","title":{"rendered":"Migrants, r\u00e9fugi\u00e9s et personnes d\u00e9plac\u00e9es \u00e0 l&#039;int\u00e9rieur de leur propre pays"},"content":{"rendered":"<div data-elementor-type=\"wp-page\" data-elementor-id=\"106572\" class=\"elementor elementor-106572\" data-elementor-post-type=\"page\">\n\t\t\t\t\t\t<section class=\"elementor-section elementor-top-section elementor-element elementor-element-2b2b84e6 elementor-section-height-min-height elementor-section-items-bottom elementor-section-boxed elementor-section-height-default\" data-id=\"2b2b84e6\" data-element_type=\"section\" data-e-type=\"section\" data-settings=\"{&quot;background_background&quot;:&quot;classic&quot;}\">\n\t\t\t\t\t\t\t<div class=\"elementor-background-overlay\"><\/div>\n\t\t\t\t\t\t\t<div class=\"elementor-container elementor-column-gap-default\">\n\t\t\t\t\t<div class=\"elementor-column elementor-col-100 elementor-top-column elementor-element elementor-element-649ee4b3\" data-id=\"649ee4b3\" data-element_type=\"column\" data-e-type=\"column\">\n\t\t\t<div class=\"elementor-widget-wrap elementor-element-populated\">\n\t\t\t\t\t\t<div class=\"elementor-element elementor-element-d4350ae e-transform elementor-widget elementor-widget-heading\" data-id=\"d4350ae\" data-element_type=\"widget\" data-e-type=\"widget\" data-settings=\"{&quot;_transform_rotateZ_effect&quot;:{&quot;unit&quot;:&quot;px&quot;,&quot;size&quot;:-3,&quot;sizes&quot;:[]},&quot;_transform_rotateZ_effect_tablet&quot;:{&quot;unit&quot;:&quot;deg&quot;,&quot;size&quot;:&quot;&quot;,&quot;sizes&quot;:[]},&quot;_transform_rotateZ_effect_mobile&quot;:{&quot;unit&quot;:&quot;deg&quot;,&quot;size&quot;:&quot;&quot;,&quot;sizes&quot;:[]}}\" data-widget_type=\"heading.default\">\n\t\t\t\t<div class=\"elementor-widget-container\">\n\t\t\t\t\t<div class=\"elementor-heading-title elementor-size-default\">Migrants, r\u00e9fugi\u00e9s et personnes d\u00e9plac\u00e9es \u00e0 l&#039;int\u00e9rieur de leur propre pays<\/div>\t\t\t\t<\/div>\n\t\t\t\t<\/div>\n\t\t\t\t\t<\/div>\n\t\t<\/div>\n\t\t\t\t\t<\/div>\n\t\t<\/section>\n\t\t<div class=\"elementor-element elementor-element-a791f6f e-flex e-con-boxed e-con e-parent\" data-id=\"a791f6f\" data-element_type=\"container\" data-e-type=\"container\" data-settings=\"{&quot;background_background&quot;:&quot;classic&quot;}\">\n\t\t\t\t\t<div class=\"e-con-inner\">\n\t\t<div class=\"elementor-element elementor-element-adf1bf2 e-con-full e-flex e-con e-child\" data-id=\"adf1bf2\" data-element_type=\"container\" data-e-type=\"container\">\n\t\t\t\t<div class=\"elementor-element elementor-element-6256e95 elementor-widget elementor-widget-heading\" data-id=\"6256e95\" data-element_type=\"widget\" data-e-type=\"widget\" data-widget_type=\"heading.default\">\n\t\t\t\t<div class=\"elementor-widget-container\">\n\t\t\t\t\t<h2 class=\"elementor-heading-title elementor-size-default\">Faits rapides<\/h2>\t\t\t\t<\/div>\n\t\t\t\t<\/div>\n\t\t\t\t<\/div>\n\t\t\t\t<div class=\"elementor-element elementor-element-94c6b53 elementor-widget elementor-widget-text-editor\" data-id=\"94c6b53\" data-element_type=\"widget\" data-e-type=\"widget\" data-widget_type=\"text-editor.default\">\n\t\t\t\t<div class=\"elementor-widget-container\">\n\t\t\t\t\t\t\t\t\t<ul class=\"wp-block-list\">\n<li>Les r\u00e9fugi\u00e9s sont des personnes qui ont \u00e9t\u00e9 d\u00e9plac\u00e9es de force de leur pays d\u2019origine en raison de pers\u00e9cutions, de guerre ou de violences.<\/li>\n<li>Les personnes d\u00e9plac\u00e9es \u00e0 l\u2019int\u00e9rieur de leur propre pays (PDI) sont des personnes qui quittent leur foyer en raison de pers\u00e9cutions, de guerres ou de violences, mais qui restent dans leur propre pays.<\/li>\n<li>Les demandeurs d\u2019asile sont des personnes qui recherchent une protection internationale mais dont le statut de r\u00e9fugi\u00e9 n\u2019a pas encore \u00e9t\u00e9 d\u00e9termin\u00e9.<\/li>\n<li>Il y a plus de 122 millions de personnes d\u00e9plac\u00e9es de force dans le monde, y compris des r\u00e9fugi\u00e9s, des apatrides et des personnes d\u00e9plac\u00e9es \u00e0 l\u2019int\u00e9rieur de leur propre pays.<\/li>\n<li>Il y a 68,3 millions de personnes d\u00e9plac\u00e9es \u00e0 l\u2019int\u00e9rieur du pays.<\/li>\n<li>Il y a 37,9 millions de r\u00e9fugi\u00e9s.<\/li>\n<li>Il y a 8 millions de demandeurs d\u2019asile.<\/li>\n<li>Soixante-cinq pour cent des r\u00e9fugi\u00e9s viennent de Syrie, du Venezuela, d\u2019Ukraine et d\u2019Afghanistan.<\/li>\n<li>47 % de la population r\u00e9fugi\u00e9e mondiale sont des enfants.<br><br><\/li>\n<\/ul>\n<p>&nbsp; &nbsp; (Donn\u00e9es de <a href=\"https:\/\/www.unhcr.org\/refugee-statistics\" target=\"_blank\" rel=\"noopener\"><strong>Base de donn\u00e9es statistiques sur la population r\u00e9fugi\u00e9e du HCR<\/strong><\/a>)<\/p>\t\t\t\t\t\t\t\t<\/div>\n\t\t\t\t<\/div>\n\t\t\t\t\t<\/div>\n\t\t\t\t<\/div>\n\t\t<div class=\"elementor-element elementor-element-9f92d55 e-flex e-con-boxed e-con e-parent\" data-id=\"9f92d55\" data-element_type=\"container\" data-e-type=\"container\" data-settings=\"{&quot;background_background&quot;:&quot;classic&quot;}\">\n\t\t\t\t\t<div class=\"e-con-inner\">\n\t\t<div class=\"elementor-element elementor-element-ddded13 e-con-full e-flex e-con e-child\" data-id=\"ddded13\" data-element_type=\"container\" data-e-type=\"container\">\n\t\t\t\t<div class=\"elementor-element elementor-element-d2d32f7 elementor-widget-divider--view-line elementor-widget elementor-widget-divider\" data-id=\"d2d32f7\" data-element_type=\"widget\" data-e-type=\"widget\" data-widget_type=\"divider.default\">\n\t\t\t\t<div class=\"elementor-widget-container\">\n\t\t\t\t\t\t\t<div class=\"elementor-divider\">\n\t\t\t<span class=\"elementor-divider-separator\">\n\t\t\t\t\t\t<\/span>\n\t\t<\/div>\n\t\t\t\t\t\t<\/div>\n\t\t\t\t<\/div>\n\t\t\t\t<div class=\"elementor-element elementor-element-fe1725f elementor-widget elementor-widget-heading\" data-id=\"fe1725f\" data-element_type=\"widget\" data-e-type=\"widget\" data-widget_type=\"heading.default\">\n\t\t\t\t<div class=\"elementor-widget-container\">\n\t\t\t\t\t<h2 class=\"elementor-heading-title elementor-size-default\">FAQ<\/h2>\t\t\t\t<\/div>\n\t\t\t\t<\/div>\n\t\t\t\t<div class=\"elementor-element elementor-element-b3b1e6d elementor-widget elementor-widget-n-accordion\" data-id=\"b3b1e6d\" data-element_type=\"widget\" data-e-type=\"widget\" data-settings=\"{&quot;default_state&quot;:&quot;all_collapsed&quot;,&quot;max_items_expended&quot;:&quot;one&quot;,&quot;n_accordion_animation_duration&quot;:{&quot;unit&quot;:&quot;ms&quot;,&quot;size&quot;:400,&quot;sizes&quot;:[]}}\" data-widget_type=\"nested-accordion.default\">\n\t\t\t\t<div class=\"elementor-widget-container\">\n\t\t\t\t\t\t\t<div class=\"e-n-accordion\" aria-label=\"Accord\u00e9on. Ouvrir les liens avec Entr\u00e9e ou Espace, les fermer avec \u00c9chap et naviguer avec les touches fl\u00e9ch\u00e9es.\">\n\t\t\t\t\t\t<details id=\"e-n-accordion-item-1880\" class=\"e-n-accordion-item\" >\n\t\t\t\t<summary class=\"e-n-accordion-item-title\" data-accordion-index=\"1\" tabindex=\"0\" aria-expanded=\"false\" aria-controls=\"e-n-accordion-item-1880\" >\n\t\t\t\t\t<span class='e-n-accordion-item-title-header'><div class=\"e-n-accordion-item-title-text\"> L&#039;ADRA est-elle impliqu\u00e9e dans l&#039;aide aux immigrants ill\u00e9gaux ? <\/div><\/span>\n\t\t\t\t\t\t\t<span class='e-n-accordion-item-title-icon'>\n\t\t\t<span class='e-opened' ><i aria-hidden=\"true\" class=\"far fa-caret-square-up\"><\/i><\/span>\n\t\t\t<span class='e-closed'><i aria-hidden=\"true\" class=\"far fa-caret-square-down\"><\/i><\/span>\n\t\t<\/span>\n\n\t\t\t\t\t\t<\/summary>\n\t\t\t\t<div role=\"region\" aria-labelledby=\"e-n-accordion-item-1880\" class=\"elementor-element elementor-element-0dc284c e-con-full e-flex e-con e-child\" data-id=\"0dc284c\" data-element_type=\"container\" data-e-type=\"container\">\n\t\t\t\t<div class=\"elementor-element elementor-element-0ddb2c6 elementor-widget elementor-widget-text-editor\" data-id=\"0ddb2c6\" data-element_type=\"widget\" data-e-type=\"widget\" data-widget_type=\"text-editor.default\">\n\t\t\t\t<div class=\"elementor-widget-container\">\n\t\t\t\t\t\t\t\t\t<div class=\"wp-block-essential-blocks-accordion-item eb-accordion-item-zvit6 eb-accordion-wrapper\" data-clickable=\"false\"><div id=\"eb-accordion-panel-fybe8oo\" class=\"eb-accordion-content-wrapper eb-accordion-content-wrapper-eb-accordion-talvr\" role=\"region\" aria-labelledby=\"eb-accordion-header-fybe8oo\" data-collapsed=\"false\" aria-expanded=\"false\"><div class=\"eb-accordion-content\"><ul class=\"wp-block-list\"><li>Non. ADRA n&#039;est impliqu\u00e9e dans aucune activit\u00e9 ill\u00e9gale favorisant ou aidant l&#039;immigration ill\u00e9gale partout dans le monde.\u00a0<\/li><\/ul><\/div><\/div><\/div>\t\t\t\t\t\t\t\t<\/div>\n\t\t\t\t<\/div>\n\t\t\t\t<\/div>\n\t\t\t\t\t<\/details>\n\t\t\t\t\t\t<details id=\"e-n-accordion-item-1881\" class=\"e-n-accordion-item\" >\n\t\t\t\t<summary class=\"e-n-accordion-item-title\" data-accordion-index=\"2\" tabindex=\"-1\" aria-expanded=\"false\" aria-controls=\"e-n-accordion-item-1881\" >\n\t\t\t\t\t<span class='e-n-accordion-item-title-header'><div class=\"e-n-accordion-item-title-text\"> Est-ce qu\u2019ADRA aide les immigrants, les migrants et les r\u00e9fugi\u00e9s au Canada ? <\/div><\/span>\n\t\t\t\t\t\t\t<span class='e-n-accordion-item-title-icon'>\n\t\t\t<span class='e-opened' ><i aria-hidden=\"true\" class=\"far fa-caret-square-up\"><\/i><\/span>\n\t\t\t<span class='e-closed'><i aria-hidden=\"true\" class=\"far fa-caret-square-down\"><\/i><\/span>\n\t\t<\/span>\n\n\t\t\t\t\t\t<\/summary>\n\t\t\t\t<div role=\"region\" aria-labelledby=\"e-n-accordion-item-1881\" class=\"elementor-element elementor-element-dfc1c4c e-con-full e-flex e-con e-child\" data-id=\"dfc1c4c\" data-element_type=\"container\" data-e-type=\"container\">\n\t\t\t\t<div class=\"elementor-element elementor-element-8b8606b elementor-widget elementor-widget-text-editor\" data-id=\"8b8606b\" data-element_type=\"widget\" data-e-type=\"widget\" data-widget_type=\"text-editor.default\">\n\t\t\t\t<div class=\"elementor-widget-container\">\n\t\t\t\t\t\t\t\t\t<ul class=\"wp-block-list\"><li>ADRA n&#039;offre aucun programme et n&#039;aide pas les immigrants, les migrants ou les r\u00e9fugi\u00e9s au Canada. Sa mission est de servir les communaut\u00e9s vuln\u00e9rables dans plus de 118 pays hors du Canada.\u00a0<\/li><\/ul>\t\t\t\t\t\t\t\t<\/div>\n\t\t\t\t<\/div>\n\t\t\t\t<\/div>\n\t\t\t\t\t<\/details>\n\t\t\t\t\t\t<details id=\"e-n-accordion-item-1882\" class=\"e-n-accordion-item\" >\n\t\t\t\t<summary class=\"e-n-accordion-item-title\" data-accordion-index=\"3\" tabindex=\"-1\" aria-expanded=\"false\" aria-controls=\"e-n-accordion-item-1882\" >\n\t\t\t\t\t<span class='e-n-accordion-item-title-header'><div class=\"e-n-accordion-item-title-text\"> Pourquoi ADRA aide-t-elle les migrants, les immigrants, les r\u00e9fugi\u00e9s et les personnes d\u00e9plac\u00e9es \u00e0 l\u2019int\u00e9rieur de leur propre pays (PDI) ? <\/div><\/span>\n\t\t\t\t\t\t\t<span class='e-n-accordion-item-title-icon'>\n\t\t\t<span class='e-opened' ><i aria-hidden=\"true\" class=\"far fa-caret-square-up\"><\/i><\/span>\n\t\t\t<span class='e-closed'><i aria-hidden=\"true\" class=\"far fa-caret-square-down\"><\/i><\/span>\n\t\t<\/span>\n\n\t\t\t\t\t\t<\/summary>\n\t\t\t\t<div role=\"region\" aria-labelledby=\"e-n-accordion-item-1882\" class=\"elementor-element elementor-element-a61d6ce e-con-full e-flex e-con e-child\" data-id=\"a61d6ce\" data-element_type=\"container\" data-e-type=\"container\">\n\t\t\t\t<div class=\"elementor-element elementor-element-1a026cf elementor-widget elementor-widget-text-editor\" data-id=\"1a026cf\" data-element_type=\"widget\" data-e-type=\"widget\" data-widget_type=\"text-editor.default\">\n\t\t\t\t<div class=\"elementor-widget-container\">\n\t\t\t\t\t\t\t\t\t<ul class=\"wp-block-list\"><li>ADRA est la branche humanitaire mondiale de l&#039;\u00c9glise adventiste du septi\u00e8me jour et sa mission est de servir tous les peuples afin qu&#039;ils puissent vivre comme Dieu l&#039;a voulu, y compris les migrants, les immigrants, les personnes d\u00e9plac\u00e9es \u00e0 l&#039;int\u00e9rieur du pays ou les r\u00e9fugi\u00e9s.<strong>.<\/strong><\/li><li>ADRA est le bras et le pied de J\u00e9sus dans un monde en souffrance, et sa responsabilit\u00e9 est d\u2019\u00eatre la voix de la justice, de la compassion et de l\u2019amour envers ceux qui ont \u00e9t\u00e9 d\u00e9plac\u00e9s de leurs foyers, n\u00e9glig\u00e9s, rejet\u00e9s et m\u00eame rejet\u00e9s.<\/li><li>Les principes directeurs de l&#039;ADRA incluent le traitement de toutes les personnes de mani\u00e8re \u00e9gale, sans distinction de couleur, d&#039;origine ethnique, de sexe, de diff\u00e9rences \u00e9conomiques, politiques, religieuses, de citoyennet\u00e9 ou de statut d&#039;immigration.<\/li><\/ul>\t\t\t\t\t\t\t\t<\/div>\n\t\t\t\t<\/div>\n\t\t\t\t<\/div>\n\t\t\t\t\t<\/details>\n\t\t\t\t\t\t<details id=\"e-n-accordion-item-1883\" class=\"e-n-accordion-item\" >\n\t\t\t\t<summary class=\"e-n-accordion-item-title\" data-accordion-index=\"4\" tabindex=\"-1\" aria-expanded=\"false\" aria-controls=\"e-n-accordion-item-1883\" >\n\t\t\t\t\t<span class='e-n-accordion-item-title-header'><div class=\"e-n-accordion-item-title-text\"> Quel est l\u2019objectif principal d\u2019ADRA en aidant les migrants et les r\u00e9fugi\u00e9s ? <\/div><\/span>\n\t\t\t\t\t\t\t<span class='e-n-accordion-item-title-icon'>\n\t\t\t<span class='e-opened' ><i aria-hidden=\"true\" class=\"far fa-caret-square-up\"><\/i><\/span>\n\t\t\t<span class='e-closed'><i aria-hidden=\"true\" class=\"far fa-caret-square-down\"><\/i><\/span>\n\t\t<\/span>\n\n\t\t\t\t\t\t<\/summary>\n\t\t\t\t<div role=\"region\" aria-labelledby=\"e-n-accordion-item-1883\" class=\"elementor-element elementor-element-ad1f069 e-flex e-con-boxed e-con e-child\" data-id=\"ad1f069\" data-element_type=\"container\" data-e-type=\"container\">\n\t\t\t\t\t<div class=\"e-con-inner\">\n\t\t\t\t<div class=\"elementor-element elementor-element-58330d0 elementor-widget elementor-widget-text-editor\" data-id=\"58330d0\" data-element_type=\"widget\" data-e-type=\"widget\" data-widget_type=\"text-editor.default\">\n\t\t\t\t<div class=\"elementor-widget-container\">\n\t\t\t\t\t\t\t\t\t<ul class=\"wp-block-list\"><li>L&#039;objectif principal d&#039;ADRA est d&#039;aider les migrants et les r\u00e9fugi\u00e9s \u00e0 se r\u00e9installer aussi pr\u00e8s que possible de leur pays d&#039;origine, en minimisant le besoin d&#039;adaptation culturelle et en permettant un retour rapide chez eux d\u00e8s que les circonstances dans leur pays d&#039;origine le permettent.<\/li><\/ul>\t\t\t\t\t\t\t\t<\/div>\n\t\t\t\t<\/div>\n\t\t\t\t\t<\/div>\n\t\t\t\t<\/div>\n\t\t\t\t\t<\/details>\n\t\t\t\t\t\t<details id=\"e-n-accordion-item-1884\" class=\"e-n-accordion-item\" >\n\t\t\t\t<summary class=\"e-n-accordion-item-title\" data-accordion-index=\"5\" tabindex=\"-1\" aria-expanded=\"false\" aria-controls=\"e-n-accordion-item-1884\" >\n\t\t\t\t\t<span class='e-n-accordion-item-title-header'><div class=\"e-n-accordion-item-title-text\"> Depuis combien de temps ADRA aide-t-elle les migrants, les immigrants, les r\u00e9fugi\u00e9s et les personnes d\u00e9plac\u00e9es \u00e0 l\u2019int\u00e9rieur du pays (PDI) ? <\/div><\/span>\n\t\t\t\t\t\t\t<span class='e-n-accordion-item-title-icon'>\n\t\t\t<span class='e-opened' ><i aria-hidden=\"true\" class=\"far fa-caret-square-up\"><\/i><\/span>\n\t\t\t<span class='e-closed'><i aria-hidden=\"true\" class=\"far fa-caret-square-down\"><\/i><\/span>\n\t\t<\/span>\n\n\t\t\t\t\t\t<\/summary>\n\t\t\t\t<div role=\"region\" aria-labelledby=\"e-n-accordion-item-1884\" class=\"elementor-element elementor-element-36d0d4d e-flex e-con-boxed e-con e-child\" data-id=\"36d0d4d\" data-element_type=\"container\" data-e-type=\"container\">\n\t\t\t\t\t<div class=\"e-con-inner\">\n\t\t\t\t<div class=\"elementor-element elementor-element-26e59b9 elementor-widget elementor-widget-text-editor\" data-id=\"26e59b9\" data-element_type=\"widget\" data-e-type=\"widget\" data-widget_type=\"text-editor.default\">\n\t\t\t\t<div class=\"elementor-widget-container\">\n\t\t\t\t\t\t\t\t\t<div class=\"wp-block-essential-blocks-accordion-item eb-accordion-item-iubkp eb-accordion-wrapper\" data-clickable=\"false\"><div id=\"eb-accordion-panel-5l9oeoo\" class=\"eb-accordion-content-wrapper eb-accordion-content-wrapper-eb-accordion-talvr\" role=\"region\" aria-labelledby=\"eb-accordion-header-5l9oeoo\" data-collapsed=\"false\" aria-expanded=\"false\"><div class=\"eb-accordion-content\"><ul class=\"wp-block-list\"><li>ADRA sert et aide les r\u00e9fugi\u00e9s, les migrants, les immigrants et les personnes d\u00e9plac\u00e9es \u00e0 l\u2019int\u00e9rieur du pays (PDI) depuis plus de 40 ans.<\/li><\/ul><\/div><\/div><\/div>\t\t\t\t\t\t\t\t<\/div>\n\t\t\t\t<\/div>\n\t\t\t\t\t<\/div>\n\t\t\t\t<\/div>\n\t\t\t\t\t<\/details>\n\t\t\t\t\t\t<details id=\"e-n-accordion-item-1885\" class=\"e-n-accordion-item\" >\n\t\t\t\t<summary class=\"e-n-accordion-item-title\" data-accordion-index=\"6\" tabindex=\"-1\" aria-expanded=\"false\" aria-controls=\"e-n-accordion-item-1885\" >\n\t\t\t\t\t<span class='e-n-accordion-item-title-header'><div class=\"e-n-accordion-item-title-text\"> Comment ADRA aide-t-elle les migrants, les r\u00e9fugi\u00e9s et les personnes d\u00e9plac\u00e9es \u00e0 l\u2019int\u00e9rieur du pays (PDI) ? <\/div><\/span>\n\t\t\t\t\t\t\t<span class='e-n-accordion-item-title-icon'>\n\t\t\t<span class='e-opened' ><i aria-hidden=\"true\" class=\"far fa-caret-square-up\"><\/i><\/span>\n\t\t\t<span class='e-closed'><i aria-hidden=\"true\" class=\"far fa-caret-square-down\"><\/i><\/span>\n\t\t<\/span>\n\n\t\t\t\t\t\t<\/summary>\n\t\t\t\t<div role=\"region\" aria-labelledby=\"e-n-accordion-item-1885\" class=\"elementor-element elementor-element-802e5e0 e-flex e-con-boxed e-con e-child\" data-id=\"802e5e0\" data-element_type=\"container\" data-e-type=\"container\">\n\t\t\t\t\t<div class=\"e-con-inner\">\n\t\t\t\t<div class=\"elementor-element elementor-element-9809f21 elementor-widget elementor-widget-text-editor\" data-id=\"9809f21\" data-element_type=\"widget\" data-e-type=\"widget\" data-widget_type=\"text-editor.default\">\n\t\t\t\t<div class=\"elementor-widget-container\">\n\t\t\t\t\t\t\t\t\t<ul class=\"wp-block-list\"><li>ADRA int\u00e8gre des projets de sant\u00e9, d\u2019\u00e9ducation et de moyens de subsistance, ainsi que des efforts de r\u00e9tablissement apr\u00e8s catastrophe pour aider les r\u00e9fugi\u00e9s, les personnes d\u00e9plac\u00e9es \u00e0 l\u2019int\u00e9rieur du pays (PDI) et les migrants.\u00a0<\/li><li>ADRA participe \u00e9galement aux Forums mondiaux des Nations Unies sur les r\u00e9fugi\u00e9s afin d\u2019\u00e9laborer des strat\u00e9gies visant \u00e0 all\u00e9ger les pressions sur les pays d\u2019accueil, \u00e0 accro\u00eetre l\u2019autonomie des r\u00e9fugi\u00e9s, \u00e0 accro\u00eetre l\u2019acc\u00e8s aux ressources fournies par les pays d\u2019accueil et \u00e0 am\u00e9liorer les conditions dans les pays d\u2019origine afin que les r\u00e9fugi\u00e9s puissent rentrer en toute s\u00e9curit\u00e9 et dans la dignit\u00e9.<\/li><\/ul>\t\t\t\t\t\t\t\t<\/div>\n\t\t\t\t<\/div>\n\t\t\t\t\t<\/div>\n\t\t\t\t<\/div>\n\t\t\t\t\t<\/details>\n\t\t\t\t\t\t<details id=\"e-n-accordion-item-1886\" class=\"e-n-accordion-item\" >\n\t\t\t\t<summary class=\"e-n-accordion-item-title\" data-accordion-index=\"7\" tabindex=\"-1\" aria-expanded=\"false\" aria-controls=\"e-n-accordion-item-1886\" >\n\t\t\t\t\t<span class='e-n-accordion-item-title-header'><div class=\"e-n-accordion-item-title-text\"> Pourquoi devrions-nous nous soucier des migrants, des r\u00e9fugi\u00e9s, des immigrants et des personnes d\u00e9plac\u00e9es \u00e0 l\u2019int\u00e9rieur de leur propre pays ? <\/div><\/span>\n\t\t\t\t\t\t\t<span class='e-n-accordion-item-title-icon'>\n\t\t\t<span class='e-opened' ><i aria-hidden=\"true\" class=\"far fa-caret-square-up\"><\/i><\/span>\n\t\t\t<span class='e-closed'><i aria-hidden=\"true\" class=\"far fa-caret-square-down\"><\/i><\/span>\n\t\t<\/span>\n\n\t\t\t\t\t\t<\/summary>\n\t\t\t\t<div role=\"region\" aria-labelledby=\"e-n-accordion-item-1886\" class=\"elementor-element elementor-element-27b312d e-flex e-con-boxed e-con e-child\" data-id=\"27b312d\" data-element_type=\"container\" data-e-type=\"container\">\n\t\t\t\t\t<div class=\"e-con-inner\">\n\t\t\t\t<div class=\"elementor-element elementor-element-6d6d2a1 elementor-widget elementor-widget-text-editor\" data-id=\"6d6d2a1\" data-element_type=\"widget\" data-e-type=\"widget\" data-widget_type=\"text-editor.default\">\n\t\t\t\t<div class=\"elementor-widget-container\">\n\t\t\t\t\t\t\t\t\t<ul class=\"wp-block-list\"><li><span data-teams=\"true\">En tant qu\u2019adventistes du septi\u00e8me jour et disciples du Christ, nous partageons son amour et sa compassion en faisant preuve d\u2019attention et d\u2019hospitalit\u00e9 envers les autres, en particulier envers les \u00e9trangers et les moins fortun\u00e9s.<\/span><\/li><li>Nous louons Dieu lorsque nous aidons les autres dans le besoin, selon Proverbes 14:31 et 19:17. C&#039;est peut-\u00eatre la raison pour laquelle J\u00e9sus a conseill\u00e9, dans Luc 14:13, de donner la priorit\u00e9 \u00e0 ceux qui ne peuvent pas nous rendre la pareille lorsque nous organisons un festin.<\/li><li>Rappelons-nous l\u2019enseignement biblique suivant lorsque nous traitons avec des \u00e9trangers : avant tout, nous devons aimer notre prochain comme nous-m\u00eames (Mt 22, 39), et notre \u00ab prochain \u00bb est tout \u00eatre humain qui a besoin d\u2019aide, quelle que soit sa citoyennet\u00e9, sa race ou son sexe (Lc 10, 25-37).<strong>.<\/strong><\/li><\/ul>\t\t\t\t\t\t\t\t<\/div>\n\t\t\t\t<\/div>\n\t\t\t\t\t<\/div>\n\t\t\t\t<\/div>\n\t\t\t\t\t<\/details>\n\t\t\t\t\t\t<details id=\"e-n-accordion-item-1887\" class=\"e-n-accordion-item\" >\n\t\t\t\t<summary class=\"e-n-accordion-item-title\" data-accordion-index=\"8\" tabindex=\"-1\" aria-expanded=\"false\" aria-controls=\"e-n-accordion-item-1887\" >\n\t\t\t\t\t<span class='e-n-accordion-item-title-header'><div class=\"e-n-accordion-item-title-text\"> Pourquoi ADRA re\u00e7oit-elle du financement du gouvernement canadien pour aider les immigrants et les r\u00e9fugi\u00e9s ? <\/div><\/span>\n\t\t\t\t\t\t\t<span class='e-n-accordion-item-title-icon'>\n\t\t\t<span class='e-opened' ><i aria-hidden=\"true\" class=\"far fa-caret-square-up\"><\/i><\/span>\n\t\t\t<span class='e-closed'><i aria-hidden=\"true\" class=\"far fa-caret-square-down\"><\/i><\/span>\n\t\t<\/span>\n\n\t\t\t\t\t\t<\/summary>\n\t\t\t\t<div role=\"region\" aria-labelledby=\"e-n-accordion-item-1887\" class=\"elementor-element elementor-element-aa6fef7 e-flex e-con-boxed e-con e-child\" data-id=\"aa6fef7\" data-element_type=\"container\" data-e-type=\"container\">\n\t\t\t\t\t<div class=\"e-con-inner\">\n\t\t\t\t<div class=\"elementor-element elementor-element-64165e1 elementor-widget elementor-widget-text-editor\" data-id=\"64165e1\" data-element_type=\"widget\" data-e-type=\"widget\" data-widget_type=\"text-editor.default\">\n\t\t\t\t<div class=\"elementor-widget-container\">\n\t\t\t\t\t\t\t\t\t<ul class=\"wp-block-list\"><li>Comme d&#039;autres organismes sans but lucratif internationaux, ADRA re\u00e7oit diverses subventions d&#039;organismes gouvernementaux canadiens pour soutenir ses efforts de d\u00e9veloppement et de secours dans les pays o\u00f9 les familles, les enfants et les communaut\u00e9s en ont le plus besoin. Ces subventions proviennent principalement d&#039;Affaires mondiales Canada (AMC) pour le d\u00e9veloppement international, afin de soutenir des programmes et des ressources destin\u00e9s aux personnes vuln\u00e9rables du monde entier, notamment les immigrants et les r\u00e9fugi\u00e9s.\u00a0<\/li><li>ADRA utilise les fonds du GAC pour am\u00e9liorer directement la vie des enfants, des femmes et des hommes en fournissant une aide humanitaire vitale, notamment un acc\u00e8s durable \u00e0 l&#039;alimentation, des programmes de sant\u00e9 et de nutrition, des actions de pr\u00e9paration et d&#039;intervention en cas de catastrophe, des initiatives \u00e9ducatives et une assistance \u00e9conomique, notamment des bons d&#039;achat permettant aux familles dans le besoin d&#039;acc\u00e9der \u00e0 ce dont elles ont le plus besoin. Les bons d&#039;achat sont utilis\u00e9s par d&#039;autres ONG comme la Croix-Rouge et l&#039;UNICEF, car ils constituent un moyen plus efficace d&#039;aider les personnes dans le besoin et de r\u00e9duire leur vuln\u00e9rabilit\u00e9.<\/li><\/ul>\t\t\t\t\t\t\t\t<\/div>\n\t\t\t\t<\/div>\n\t\t\t\t\t<\/div>\n\t\t\t\t<\/div>\n\t\t\t\t\t<\/details>\n\t\t\t\t\t\t<details id=\"e-n-accordion-item-1888\" class=\"e-n-accordion-item\" >\n\t\t\t\t<summary class=\"e-n-accordion-item-title\" data-accordion-index=\"9\" tabindex=\"-1\" aria-expanded=\"false\" aria-controls=\"e-n-accordion-item-1888\" >\n\t\t\t\t\t<span class='e-n-accordion-item-title-header'><div class=\"e-n-accordion-item-title-text\"> Pourquoi les partenariats avec les agences gouvernementales profitent-ils \u00e0 ADRA ? <\/div><\/span>\n\t\t\t\t\t\t\t<span class='e-n-accordion-item-title-icon'>\n\t\t\t<span class='e-opened' ><i aria-hidden=\"true\" class=\"far fa-caret-square-up\"><\/i><\/span>\n\t\t\t<span class='e-closed'><i aria-hidden=\"true\" class=\"far fa-caret-square-down\"><\/i><\/span>\n\t\t<\/span>\n\n\t\t\t\t\t\t<\/summary>\n\t\t\t\t<div role=\"region\" aria-labelledby=\"e-n-accordion-item-1888\" class=\"elementor-element elementor-element-bdd2968 e-flex e-con-boxed e-con e-child\" data-id=\"bdd2968\" data-element_type=\"container\" data-e-type=\"container\">\n\t\t\t\t\t<div class=\"e-con-inner\">\n\t\t\t\t<div class=\"elementor-element elementor-element-5820f68 elementor-widget elementor-widget-text-editor\" data-id=\"5820f68\" data-element_type=\"widget\" data-e-type=\"widget\" data-widget_type=\"text-editor.default\">\n\t\t\t\t<div class=\"elementor-widget-container\">\n\t\t\t\t\t\t\t\t\t<ul class=\"wp-block-list\"><li>Le travail d&#039;ADRA a apport\u00e9 et continue d&#039;apporter des b\u00e9n\u00e9fices essentiels \u00e0 long terme aux personnes vivant dans la pauvret\u00e9 et la souffrance \u00e0 travers le monde. Nos pr\u00e9c\u00e9dentes collaborations avec le GAC et d&#039;autres agences gouvernementales nous ont permis d&#039;acqu\u00e9rir les comp\u00e9tences, l&#039;expertise et la sensibilit\u00e9 n\u00e9cessaires \u00e0 la r\u00e9alisation de cette mission essentielle.<\/li><\/ul>\t\t\t\t\t\t\t\t<\/div>\n\t\t\t\t<\/div>\n\t\t\t\t\t<\/div>\n\t\t\t\t<\/div>\n\t\t\t\t\t<\/details>\n\t\t\t\t\t\t<details id=\"e-n-accordion-item-1889\" class=\"e-n-accordion-item\" >\n\t\t\t\t<summary class=\"e-n-accordion-item-title\" data-accordion-index=\"10\" tabindex=\"-1\" aria-expanded=\"false\" aria-controls=\"e-n-accordion-item-1889\" >\n\t\t\t\t\t<span class='e-n-accordion-item-title-header'><div class=\"e-n-accordion-item-title-text\"> Pourquoi ADRA travaille-t-elle avec d\u2019autres organisations confessionnelles et agences non gouvernementales ? <\/div><\/span>\n\t\t\t\t\t\t\t<span class='e-n-accordion-item-title-icon'>\n\t\t\t<span class='e-opened' ><i aria-hidden=\"true\" class=\"far fa-caret-square-up\"><\/i><\/span>\n\t\t\t<span class='e-closed'><i aria-hidden=\"true\" class=\"far fa-caret-square-down\"><\/i><\/span>\n\t\t<\/span>\n\n\t\t\t\t\t\t<\/summary>\n\t\t\t\t<div role=\"region\" aria-labelledby=\"e-n-accordion-item-1889\" class=\"elementor-element elementor-element-d58f532 e-flex e-con-boxed e-con e-child\" data-id=\"d58f532\" data-element_type=\"container\" data-e-type=\"container\">\n\t\t\t\t\t<div class=\"e-con-inner\">\n\t\t\t\t<div class=\"elementor-element elementor-element-788337c elementor-widget elementor-widget-text-editor\" data-id=\"788337c\" data-element_type=\"widget\" data-e-type=\"widget\" data-widget_type=\"text-editor.default\">\n\t\t\t\t<div class=\"elementor-widget-container\">\n\t\t\t\t\t\t\t\t\t<ul class=\"wp-block-list\"><li>En s\u2019associant aux communaut\u00e9s, aux organisations et aux gouvernements, ADRA peut am\u00e9liorer la qualit\u00e9 de vie de millions de personnes.<\/li><li>Nous travaillons avec de nombreux partenaires de confiance, notamment l\u2019\u00c9glise adventiste, d\u2019autres groupes religieux et des agences non gouvernementales, pour \u00e9tendre nos services et nos ressources dans le monde entier et aider les communaut\u00e9s les plus vuln\u00e9rables.\u00a0<\/li><li>Le r\u00e9seau mondial d&#039;ADRA, compos\u00e9 d&#039;\u00e9glises adventistes et de b\u00e9n\u00e9voles, nous permet d&#039;acc\u00e9der \u00e0 des lieux et \u00e0 des personnes inaccessibles \u00e0 de nombreuses autres organisations. ADRA et l&#039;\u00c9glise adventiste continuent de collaborer pour apporter des changements significatifs dans des r\u00e9gions recul\u00e9es et pratiquement inaccessibles du monde entier.<\/li><\/ul>\t\t\t\t\t\t\t\t<\/div>\n\t\t\t\t<\/div>\n\t\t\t\t\t<\/div>\n\t\t\t\t<\/div>\n\t\t\t\t\t<\/details>\n\t\t\t\t\t\t<details id=\"e-n-accordion-item-18810\" class=\"e-n-accordion-item\" >\n\t\t\t\t<summary class=\"e-n-accordion-item-title\" data-accordion-index=\"11\" tabindex=\"-1\" aria-expanded=\"false\" aria-controls=\"e-n-accordion-item-18810\" >\n\t\t\t\t\t<span class='e-n-accordion-item-title-header'><div class=\"e-n-accordion-item-title-text\"> Pourquoi voit-on tant de personnes quitter leur pays d\u2019origine ? <\/div><\/span>\n\t\t\t\t\t\t\t<span class='e-n-accordion-item-title-icon'>\n\t\t\t<span class='e-opened' ><i aria-hidden=\"true\" class=\"far fa-caret-square-up\"><\/i><\/span>\n\t\t\t<span class='e-closed'><i aria-hidden=\"true\" class=\"far fa-caret-square-down\"><\/i><\/span>\n\t\t<\/span>\n\n\t\t\t\t\t\t<\/summary>\n\t\t\t\t<div role=\"region\" aria-labelledby=\"e-n-accordion-item-18810\" class=\"elementor-element elementor-element-f6fa65d e-flex e-con-boxed e-con e-child\" data-id=\"f6fa65d\" data-element_type=\"container\" data-e-type=\"container\">\n\t\t\t\t\t<div class=\"e-con-inner\">\n\t\t\t\t<div class=\"elementor-element elementor-element-3a594ab elementor-widget elementor-widget-text-editor\" data-id=\"3a594ab\" data-element_type=\"widget\" data-e-type=\"widget\" data-widget_type=\"text-editor.default\">\n\t\t\t\t<div class=\"elementor-widget-container\">\n\t\t\t\t\t\t\t\t\t<ul class=\"wp-block-list\"><li>De nombreuses raisons peuvent rendre difficile, voire dangereux, le s\u00e9jour dans son pays. Par exemple, des enfants, des femmes et des hommes fuient leur pays en raison de l&#039;extr\u00eame pauvret\u00e9, de troubles politiques, de la violence des gangs, de catastrophes naturelles et de discrimination raciale.<\/li><li>Nos travailleurs de terrain d&#039;ADRA ont vu des familles fuir leur pays d&#039;origine pour de nombreuses raisons, notamment :<ul class=\"wp-block-list\"><li>G\u00e9nocide au Myanmar.<\/li><li>Des jeunes filles contraintes \u00e0 des mariages pr\u00e9coces en Ouganda.<\/li><li>Des enfants meurent de faim au Honduras, \u00e0 Madagascar et dans la Corne de l\u2019Afrique en raison d\u2019\u00e9v\u00e9nements li\u00e9s au climat.<\/li><li>Des personnes de tous \u00e2ges fuient le Venezuela en raison de troubles politiques.<\/li><li>Des communaut\u00e9s enti\u00e8res d\u00e9plac\u00e9es par la guerre en cours en Ukraine.<\/li><li>Des familles en qu\u00eate d&#039;espoir apr\u00e8s les catastrophes naturelles en Syrie, au Mexique et aux Philippines<\/li><\/ul><\/li><\/ul>\t\t\t\t\t\t\t\t<\/div>\n\t\t\t\t<\/div>\n\t\t\t\t\t<\/div>\n\t\t\t\t<\/div>\n\t\t\t\t\t<\/details>\n\t\t\t\t\t<\/div>\n\t\t\t\t\t\t<\/div>\n\t\t\t\t<\/div>\n\t\t\t\t<\/div>\n\t\t\t\t\t<\/div>\n\t\t\t\t<\/div>\n\t\t\t\t<section class=\"elementor-section elementor-top-section elementor-element elementor-element-58497c elementor-section-boxed elementor-section-height-default elementor-section-height-default\" data-id=\"58497c\" data-element_type=\"section\" data-e-type=\"section\">\n\t\t\t\t\t\t<div class=\"elementor-container elementor-column-gap-default\">\n\t\t\t\t\t<div class=\"elementor-column elementor-col-100 elementor-top-column elementor-element elementor-element-2d8fd761\" data-id=\"2d8fd761\" data-element_type=\"column\" data-e-type=\"column\">\n\t\t\t<div class=\"elementor-widget-wrap elementor-element-populated\">\n\t\t\t\t\t\t<div class=\"elementor-element elementor-element-6c9060d1 elementor-widget elementor-widget-heading\" data-id=\"6c9060d1\" data-element_type=\"widget\" data-e-type=\"widget\" data-widget_type=\"heading.default\">\n\t\t\t\t<div class=\"elementor-widget-container\">\n\t\t\t\t\t<span class=\"elementor-heading-title elementor-size-default\">Les migrants confront\u00e9s au p\u00e9rilleux voyage \u00e0 travers le Dari\u00e9n<\/span>\t\t\t\t<\/div>\n\t\t\t\t<\/div>\n\t\t\t\t<div class=\"elementor-element elementor-element-59c1f204 elementor-widget elementor-widget-text-editor\" data-id=\"59c1f204\" data-element_type=\"widget\" data-e-type=\"widget\" data-widget_type=\"text-editor.default\">\n\t\t\t\t<div class=\"elementor-widget-container\">\n\t\t\t\t\t\t\t\t\t<p><span data-teams=\"true\"><span class=\"ui-provider a b c d e f g h i j k l m n o p q r s t u v w x y z ab ac ae af ag ah ai aj ak\" dir=\"ltr\">Chaque jour, pr\u00e8s de 1\u00a0000 migrants risquent leur vie en traversant le Dari\u00e9n, une \u00e9tendue dangereuse de jungle dense entre la Colombie et le Panama. Fuyant la violence, la pauvret\u00e9 et l&#039;instabilit\u00e9 politique, des familles entreprennent ce p\u00e9riple p\u00e9rilleux en qu\u00eate de s\u00e9curit\u00e9 et d&#039;un avenir meilleur. Les d\u00e9fis auxquels elles sont confront\u00e9es sont immenses\u00a0: animaux sauvages, criminels violents et intemp\u00e9ries constituent des menaces constantes. Nombre d&#039;entre eux entreprennent ce voyage isol\u00e9s du monde, sans acc\u00e8s \u00e0 la nourriture, \u00e0 l&#039;eau ni aux soins m\u00e9dicaux. Malheureusement, certains n&#039;atteignent jamais l&#039;autre c\u00f4t\u00e9.<\/span><\/span><\/p><p><img fetchpriority=\"high\" decoding=\"async\" class=\"alignnone wp-image-106592 size-full\" src=\"https:\/\/adra.ca\/wp-content\/uploads\/2024\/10\/ADRA-DIA-Honduras-ok-247-v2.jpg\" alt=\"\" width=\"1800\" height=\"660\" srcset=\"https:\/\/adra.ca\/wp-content\/uploads\/2024\/10\/ADRA-DIA-Honduras-ok-247-v2.jpg 1800w, https:\/\/adra.ca\/wp-content\/uploads\/2024\/10\/ADRA-DIA-Honduras-ok-247-v2-1200x440.jpg 1200w, https:\/\/adra.ca\/wp-content\/uploads\/2024\/10\/ADRA-DIA-Honduras-ok-247-v2-300x110.jpg 300w, https:\/\/adra.ca\/wp-content\/uploads\/2024\/10\/ADRA-DIA-Honduras-ok-247-v2-1024x375.jpg 1024w, https:\/\/adra.ca\/wp-content\/uploads\/2024\/10\/ADRA-DIA-Honduras-ok-247-v2-768x282.jpg 768w, https:\/\/adra.ca\/wp-content\/uploads\/2024\/10\/ADRA-DIA-Honduras-ok-247-v2-1536x563.jpg 1536w, https:\/\/adra.ca\/wp-content\/uploads\/2024\/10\/ADRA-DIA-Honduras-ok-247-v2-18x7.jpg 18w\" sizes=\"(max-width: 1800px) 100vw, 1800px\" \/><\/p><h3><strong><span class=\"ui-provider a b c d e f g h i j k l m n o p q r s t u v w x y z ab ac ae af ag ah ai aj ak\" dir=\"ltr\">R\u00e9ponse de l&#039;ADRA<\/span><\/strong><\/h3><p>L\u2019ADRA est pr\u00e9sente sur le terrain et offre un soutien vital aux migrants \u00e0 des moments cl\u00e9s de leur p\u00e9riple. Nous fournissons des services essentiels tels que de l\u2019eau potable, des soins m\u00e9dicaux et une connexion Wi-Fi, permettant aux familles de rester connect\u00e9es et de trouver de l\u2019aide lorsqu\u2019elles en ont le plus besoin. Nos points de protection en Colombie, au Honduras et au Mexique sont des refuges s\u00fbrs pour les migrants, offrant des conseils, des services d\u2019hygi\u00e8ne et de l\u2019espoir alors qu\u2019ils poursuivent leur voyage vers une vie meilleure.<\/p><p><img decoding=\"async\" class=\"alignnone wp-image-106599 size-full lazyload\" data-src=\"https:\/\/adra.ca\/wp-content\/uploads\/2024\/10\/South-America-Migrant-2024-David-7.jpg\" alt=\"\" width=\"1800\" height=\"893\" data-srcset=\"https:\/\/adra.ca\/wp-content\/uploads\/2024\/10\/South-America-Migrant-2024-David-7.jpg 1800w, https:\/\/adra.ca\/wp-content\/uploads\/2024\/10\/South-America-Migrant-2024-David-7-1200x595.jpg 1200w, https:\/\/adra.ca\/wp-content\/uploads\/2024\/10\/South-America-Migrant-2024-David-7-300x149.jpg 300w, https:\/\/adra.ca\/wp-content\/uploads\/2024\/10\/South-America-Migrant-2024-David-7-1024x508.jpg 1024w, https:\/\/adra.ca\/wp-content\/uploads\/2024\/10\/South-America-Migrant-2024-David-7-768x381.jpg 768w, https:\/\/adra.ca\/wp-content\/uploads\/2024\/10\/South-America-Migrant-2024-David-7-1536x762.jpg 1536w, https:\/\/adra.ca\/wp-content\/uploads\/2024\/10\/South-America-Migrant-2024-David-7-18x9.jpg 18w\" data-sizes=\"(max-width: 1800px) 100vw, 1800px\" src=\"data:image\/svg+xml;base64,PHN2ZyB3aWR0aD0iMSIgaGVpZ2h0PSIxIiB4bWxucz0iaHR0cDovL3d3dy53My5vcmcvMjAwMC9zdmciPjwvc3ZnPg==\" style=\"--smush-placeholder-width: 1800px; --smush-placeholder-aspect-ratio: 1800\/893;\" \/><\/p>\t\t\t\t\t\t\t\t<\/div>\n\t\t\t\t<\/div>\n\t\t\t\t\t<\/div>\n\t\t<\/div>\n\t\t\t\t\t<\/div>\n\t\t<\/section>\n\t\t\t\t<section class=\"elementor-section elementor-top-section elementor-element elementor-element-6c9375c4 elementor-section-full_width elementor-section-height-default elementor-section-height-default\" data-id=\"6c9375c4\" data-element_type=\"section\" data-e-type=\"section\">\n\t\t\t\t\t\t<div class=\"elementor-container elementor-column-gap-default\">\n\t\t\t\t\t<div class=\"elementor-column elementor-col-100 elementor-top-column elementor-element elementor-element-5ec96ea9\" data-id=\"5ec96ea9\" data-element_type=\"column\" data-e-type=\"column\">\n\t\t\t<div class=\"elementor-widget-wrap\">\n\t\t\t\t\t\t\t<\/div>\n\t\t<\/div>\n\t\t\t\t\t<\/div>\n\t\t<\/section>\n\t\t\t\t<\/div>","protected":false},"excerpt":{"rendered":"<p>Aidez-nous \u00e0 soutenir les efforts de secours pour les personnes touch\u00e9es par l&#039;ouragan Beryl en Jama\u00efque, \u00e0 la Grenade, \u00e0 Saint-Vincent-et-les Grenadines, \u00e0 Sainte-Lucie et au Mexique en faisant un don \u00e0 ADRaA Canada d\u00e8s aujourd&#039;hui.<\/p>","protected":false},"author":15,"featured_media":363897,"parent":0,"menu_order":0,"comment_status":"closed","ping_status":"closed","template":"","meta":{"footnotes":""},"class_list":["post-106572","page","type-page","status-publish","has-post-thumbnail","hentry"],"_links":{"self":[{"href":"https:\/\/adra.ca\/fr\/wp-json\/wp\/v2\/pages\/106572","targetHints":{"allow":["GET"]}}],"collection":[{"href":"https:\/\/adra.ca\/fr\/wp-json\/wp\/v2\/pages"}],"about":[{"href":"https:\/\/adra.ca\/fr\/wp-json\/wp\/v2\/types\/page"}],"author":[{"embeddable":true,"href":"https:\/\/adra.ca\/fr\/wp-json\/wp\/v2\/users\/15"}],"replies":[{"embeddable":true,"href":"https:\/\/adra.ca\/fr\/wp-json\/wp\/v2\/comments?post=106572"}],"version-history":[{"count":0,"href":"https:\/\/adra.ca\/fr\/wp-json\/wp\/v2\/pages\/106572\/revisions"}],"wp:featuredmedia":[{"embeddable":true,"href":"https:\/\/adra.ca\/fr\/wp-json\/wp\/v2\/media\/363897"}],"wp:attachment":[{"href":"https:\/\/adra.ca\/fr\/wp-json\/wp\/v2\/media?parent=106572"}],"curies":[{"name":"wp","href":"https:\/\/api.w.org\/{rel}","templated":true}]}}