{"id":123090,"date":"2025-04-21T20:34:38","date_gmt":"2025-04-22T00:34:38","guid":{"rendered":"https:\/\/adra.ca\/?page_id=123090"},"modified":"2025-05-13T19:57:21","modified_gmt":"2025-05-13T23:57:21","slug":"intersection-faith-aid","status":"publish","type":"page","link":"https:\/\/adra.ca\/fr\/intersection-faith-aid\/","title":{"rendered":"Intersection de la foi et de l&#039;aide"},"content":{"rendered":"<div data-elementor-type=\"wp-page\" data-elementor-id=\"123090\" class=\"elementor elementor-123090\" data-elementor-post-type=\"page\">\n\t\t\t\t\t\t<section class=\"elementor-section elementor-top-section elementor-element elementor-element-2b2b84e6 elementor-section-height-min-height elementor-section-items-bottom elementor-section-boxed elementor-section-height-default\" data-id=\"2b2b84e6\" data-element_type=\"section\" data-e-type=\"section\" data-settings=\"{&quot;background_background&quot;:&quot;classic&quot;,&quot;shape_divider_bottom&quot;:&quot;mountains&quot;}\">\n\t\t\t\t\t\t\t<div class=\"elementor-background-overlay\"><\/div>\n\t\t\t\t\t\t<div class=\"elementor-shape elementor-shape-bottom\" aria-hidden=\"true\" data-negative=\"false\">\n\t\t\t<svg xmlns=\"http:\/\/www.w3.org\/2000\/svg\" viewbox=\"0 0 1000 100\" preserveaspectratio=\"none\">\n\t<path class=\"elementor-shape-fill\" opacity=\"0.33\" d=\"M473,67.3c-203.9,88.3-263.1-34-320.3,0C66,119.1,0,59.7,0,59.7V0h1000v59.7 c0,0-62.1,26.1-94.9,29.3c-32.8,3.3-62.8-12.3-75.8-22.1C806,49.6,745.3,8.7,694.9,4.7S492.4,59,473,67.3z\"\/>\n\t<path class=\"elementor-shape-fill\" opacity=\"0.66\" d=\"M734,67.3c-45.5,0-77.2-23.2-129.1-39.1c-28.6-8.7-150.3-10.1-254,39.1 s-91.7-34.4-149.2,0C115.7,118.3,0,39.8,0,39.8V0h1000v36.5c0,0-28.2-18.5-92.1-18.5C810.2,18.1,775.7,67.3,734,67.3z\"\/>\n\t<path class=\"elementor-shape-fill\" d=\"M766.1,28.9c-200-57.5-266,65.5-395.1,19.5C242,1.8,242,5.4,184.8,20.6C128,35.8,132.3,44.9,89.9,52.5C28.6,63.7,0,0,0,0 h1000c0,0-9.9,40.9-83.6,48.1S829.6,47,766.1,28.9z\"\/>\n<\/svg>\t\t<\/div>\n\t\t\t\t\t<div class=\"elementor-container elementor-column-gap-default\">\n\t\t\t\t\t<div class=\"elementor-column elementor-col-50 elementor-top-column elementor-element elementor-element-649ee4b3\" data-id=\"649ee4b3\" data-element_type=\"column\" data-e-type=\"column\">\n\t\t\t<div class=\"elementor-widget-wrap elementor-element-populated\">\n\t\t\t\t\t\t<div class=\"elementor-element elementor-element-d4350ae e-transform elementor-widget elementor-widget-heading\" data-id=\"d4350ae\" data-element_type=\"widget\" data-e-type=\"widget\" data-settings=\"{&quot;_transform_rotateZ_effect&quot;:{&quot;unit&quot;:&quot;px&quot;,&quot;size&quot;:-3,&quot;sizes&quot;:[]},&quot;_transform_rotateZ_effect_tablet&quot;:{&quot;unit&quot;:&quot;deg&quot;,&quot;size&quot;:&quot;&quot;,&quot;sizes&quot;:[]},&quot;_transform_rotateZ_effect_mobile&quot;:{&quot;unit&quot;:&quot;deg&quot;,&quot;size&quot;:&quot;&quot;,&quot;sizes&quot;:[]}}\" data-widget_type=\"heading.default\">\n\t\t\t\t<div class=\"elementor-widget-container\">\n\t\t\t\t\t<div class=\"elementor-heading-title elementor-size-default\">Intersection de la foi et de l&#039;aide<\/div>\t\t\t\t<\/div>\n\t\t\t\t<\/div>\n\t\t\t\t\t<\/div>\n\t\t<\/div>\n\t\t\t\t<div class=\"elementor-column elementor-col-50 elementor-top-column elementor-element elementor-element-115daeb6\" data-id=\"115daeb6\" data-element_type=\"column\" data-e-type=\"column\">\n\t\t\t<div class=\"elementor-widget-wrap elementor-element-populated\">\n\t\t\t\t\t\t<div class=\"elementor-element elementor-element-694c209f elementor-widget elementor-widget-spacer\" data-id=\"694c209f\" data-element_type=\"widget\" data-e-type=\"widget\" data-widget_type=\"spacer.default\">\n\t\t\t\t<div class=\"elementor-widget-container\">\n\t\t\t\t\t\t\t<div class=\"elementor-spacer\">\n\t\t\t<div class=\"elementor-spacer-inner\"><\/div>\n\t\t<\/div>\n\t\t\t\t\t\t<\/div>\n\t\t\t\t<\/div>\n\t\t\t\t\t<\/div>\n\t\t<\/div>\n\t\t\t\t\t<\/div>\n\t\t<\/section>\n\t\t<div class=\"elementor-element elementor-element-a791f6f e-flex e-con-boxed e-con e-parent\" data-id=\"a791f6f\" data-element_type=\"container\" data-e-type=\"container\" data-settings=\"{&quot;background_background&quot;:&quot;classic&quot;}\">\n\t\t\t\t\t<div class=\"e-con-inner\">\n\t\t<div class=\"elementor-element elementor-element-adf1bf2 e-con-full e-flex e-con e-child\" data-id=\"adf1bf2\" data-element_type=\"container\" data-e-type=\"container\">\n\t\t\t\t<div class=\"elementor-element elementor-element-94c6b53 elementor-widget elementor-widget-text-editor\" data-id=\"94c6b53\" data-element_type=\"widget\" data-e-type=\"widget\" data-widget_type=\"text-editor.default\">\n\t\t\t\t<div class=\"elementor-widget-container\">\n\t\t\t\t\t\t\t\t\t<p>L&#039;Agence adventiste de d\u00e9veloppement et de secours (ADRA) a \u00e9t\u00e9 cr\u00e9\u00e9e en tant qu&#039;agence humanitaire officielle de l&#039;\u00c9glise adventiste du septi\u00e8me jour par la Conf\u00e9rence g\u00e9n\u00e9rale en 1983.<br \/><br \/>The importance of the establishment of ADRA and its continued service to humanity can be found in the example of Jesus, who, during His earthly ministry, showed special concern for the poor and the vulnerable. Jesus demonstrated that help should be given to all with no discrimination. Therefore, ADRA\u2019s work is accessible to all and not limited by gender, culture, religion or ethnicity, and is recognised in ADRA\u2019s purpose \u2018To serve humanity so all may live as God intended\u2019.<br \/><br \/>ADRA works as part of the body of the Seventh-day Adventist Church to fulfil the Bible\u2019s instruction to love thy neighbour and help \u2018the least of these\u2019.<\/p>\t\t\t\t\t\t\t\t<\/div>\n\t\t\t\t<\/div>\n\t\t<div class=\"elementor-element elementor-element-08f4f9e e-con-full e-flex e-con e-child\" data-id=\"08f4f9e\" data-element_type=\"container\" data-e-type=\"container\">\n\t\t\t\t<div class=\"elementor-element elementor-element-88d47f9 elementor-align-left elementor-widget elementor-widget-button\" data-id=\"88d47f9\" data-element_type=\"widget\" data-e-type=\"widget\" data-widget_type=\"button.default\">\n\t\t\t\t<div class=\"elementor-widget-container\">\n\t\t\t\t\t\t\t\t\t<div class=\"elementor-button-wrapper\">\n\t\t\t\t\t<a class=\"elementor-button elementor-button-link elementor-size-sm\" href=\"https:\/\/adra.ca\/fr\/flipbook\/FaithAid\/\" target=\"_blank\">\n\t\t\t\t\t\t<span class=\"elementor-button-content-wrapper\">\n\t\t\t\t\t\t\t\t\t<span class=\"elementor-button-text\">Livre \u00e0 feuilleter<\/span>\n\t\t\t\t\t<\/span>\n\t\t\t\t\t<\/a>\n\t\t\t\t<\/div>\n\t\t\t\t\t\t\t\t<\/div>\n\t\t\t\t<\/div>\n\t\t\t\t<div class=\"elementor-element elementor-element-25f3062 elementor-align-left elementor-widget elementor-widget-button\" data-id=\"25f3062\" data-element_type=\"widget\" data-e-type=\"widget\" data-widget_type=\"button.default\">\n\t\t\t\t<div class=\"elementor-widget-container\">\n\t\t\t\t\t\t\t\t\t<div class=\"elementor-button-wrapper\">\n\t\t\t\t\t<a class=\"elementor-button elementor-button-link elementor-size-sm\" href=\"https:\/\/adra.ca\/wp-content\/uploads\/2025\/05\/Faith-Aid-1.pdf\" target=\"_blank\">\n\t\t\t\t\t\t<span class=\"elementor-button-content-wrapper\">\n\t\t\t\t\t\t\t\t\t<span class=\"elementor-button-text\">T\u00e9l\u00e9charger le PDF<\/span>\n\t\t\t\t\t<\/span>\n\t\t\t\t\t<\/a>\n\t\t\t\t<\/div>\n\t\t\t\t\t\t\t\t<\/div>\n\t\t\t\t<\/div>\n\t\t\t\t<\/div>\n\t\t\t\t<\/div>\n\t\t\t\t\t<\/div>\n\t\t\t\t<\/div>\n\t\t<div class=\"elementor-element elementor-element-9f92d55 e-flex e-con-boxed e-con e-parent\" data-id=\"9f92d55\" data-element_type=\"container\" data-e-type=\"container\" data-settings=\"{&quot;background_background&quot;:&quot;classic&quot;}\">\n\t\t\t\t\t<div class=\"e-con-inner\">\n\t\t<div class=\"elementor-element elementor-element-ddded13 e-con-full e-flex e-con e-child\" data-id=\"ddded13\" data-element_type=\"container\" data-e-type=\"container\">\n\t\t\t\t<div class=\"elementor-element elementor-element-d2d32f7 elementor-widget-divider--view-line elementor-widget elementor-widget-divider\" data-id=\"d2d32f7\" data-element_type=\"widget\" data-e-type=\"widget\" data-widget_type=\"divider.default\">\n\t\t\t\t<div class=\"elementor-widget-container\">\n\t\t\t\t\t\t\t<div class=\"elementor-divider\">\n\t\t\t<span class=\"elementor-divider-separator\">\n\t\t\t\t\t\t<\/span>\n\t\t<\/div>\n\t\t\t\t\t\t<\/div>\n\t\t\t\t<\/div>\n\t\t\t\t<div class=\"elementor-element elementor-element-9a3f4e3 elementor-widget elementor-widget-heading\" data-id=\"9a3f4e3\" data-element_type=\"widget\" data-e-type=\"widget\" data-widget_type=\"heading.default\">\n\t\t\t\t<div class=\"elementor-widget-container\">\n\t\t\t\t\t<h2 class=\"elementor-heading-title elementor-size-default\">FAQ sur l&#039;ADRA, le financement du gouvernement canadien et d&#039;autres financements gouvernementaux<\/h2>\t\t\t\t<\/div>\n\t\t\t\t<\/div>\n\t\t\t\t<div class=\"elementor-element elementor-element-b3b1e6d elementor-widget elementor-widget-n-accordion\" data-id=\"b3b1e6d\" data-element_type=\"widget\" data-e-type=\"widget\" data-settings=\"{&quot;default_state&quot;:&quot;all_collapsed&quot;,&quot;max_items_expended&quot;:&quot;one&quot;,&quot;n_accordion_animation_duration&quot;:{&quot;unit&quot;:&quot;ms&quot;,&quot;size&quot;:400,&quot;sizes&quot;:[]}}\" data-widget_type=\"nested-accordion.default\">\n\t\t\t\t<div class=\"elementor-widget-container\">\n\t\t\t\t\t\t\t<div class=\"e-n-accordion\" aria-label=\"Accord\u00e9on. Ouvrir les liens avec Entr\u00e9e ou Espace, les fermer avec \u00c9chap et naviguer avec les touches fl\u00e9ch\u00e9es.\">\n\t\t\t\t\t\t<details id=\"e-n-accordion-item-1880\" class=\"e-n-accordion-item\" >\n\t\t\t\t<summary class=\"e-n-accordion-item-title\" data-accordion-index=\"1\" tabindex=\"0\" aria-expanded=\"false\" aria-controls=\"e-n-accordion-item-1880\" >\n\t\t\t\t\t<span class='e-n-accordion-item-title-header'><div class=\"e-n-accordion-item-title-text\"> Est-ce qu\u2019ADRA Canada re\u00e7oit du financement du gouvernement (local)? <\/div><\/span>\n\t\t\t\t\t\t\t<span class='e-n-accordion-item-title-icon'>\n\t\t\t<span class='e-opened' ><i aria-hidden=\"true\" class=\"far fa-caret-square-up\"><\/i><\/span>\n\t\t\t<span class='e-closed'><i aria-hidden=\"true\" class=\"far fa-caret-square-down\"><\/i><\/span>\n\t\t<\/span>\n\n\t\t\t\t\t\t<\/summary>\n\t\t\t\t<div role=\"region\" aria-labelledby=\"e-n-accordion-item-1880\" class=\"elementor-element elementor-element-0dc284c e-con-full e-flex e-con e-child\" data-id=\"0dc284c\" data-element_type=\"container\" data-e-type=\"container\">\n\t\t\t\t<div class=\"elementor-element elementor-element-0ddb2c6 elementor-widget elementor-widget-text-editor\" data-id=\"0ddb2c6\" data-element_type=\"widget\" data-e-type=\"widget\" data-widget_type=\"text-editor.default\">\n\t\t\t\t<div class=\"elementor-widget-container\">\n\t\t\t\t\t\t\t\t\t<div class=\"wp-block-essential-blocks-accordion-item eb-accordion-item-zvit6 eb-accordion-wrapper\" data-clickable=\"false\"><div id=\"eb-accordion-panel-fybe8oo\" class=\"eb-accordion-content-wrapper eb-accordion-content-wrapper-eb-accordion-talvr\" role=\"region\" aria-labelledby=\"eb-accordion-header-fybe8oo\" data-collapsed=\"false\" aria-expanded=\"false\"><div class=\"eb-accordion-content\"><p>Oui, l&#039;ADRA sollicite du financement pour des projets sp\u00e9cifiques aupr\u00e8s du gouvernement canadien. Ces fonds sont g\u00e9n\u00e9ralement<br \/>attribu\u00e9s pour des t\u00e2ches sp\u00e9cifiques sur une base concurrentielle une fois que les propositions de projet soumises r\u00e9pondent aux crit\u00e8res de qualit\u00e9 de<br \/>the government\/funding partner. To see ADRA\u2019s financial breakdown, please visit <a href=\"http:\/\/ADRA.ca\/financials\">ADRA.ca\/financials<\/a><\/p><\/div><\/div><\/div>\t\t\t\t\t\t\t\t<\/div>\n\t\t\t\t<\/div>\n\t\t\t\t<\/div>\n\t\t\t\t\t<\/details>\n\t\t\t\t\t\t<details id=\"e-n-accordion-item-1881\" class=\"e-n-accordion-item\" >\n\t\t\t\t<summary class=\"e-n-accordion-item-title\" data-accordion-index=\"2\" tabindex=\"-1\" aria-expanded=\"false\" aria-controls=\"e-n-accordion-item-1881\" >\n\t\t\t\t\t<span class='e-n-accordion-item-title-header'><div class=\"e-n-accordion-item-title-text\"> ADRA Canada re\u00e7oit-elle du financement de l\u2019Agence des \u00c9tats-Unis pour le d\u00e9veloppement international (USAID) ? <\/div><\/span>\n\t\t\t\t\t\t\t<span class='e-n-accordion-item-title-icon'>\n\t\t\t<span class='e-opened' ><i aria-hidden=\"true\" class=\"far fa-caret-square-up\"><\/i><\/span>\n\t\t\t<span class='e-closed'><i aria-hidden=\"true\" class=\"far fa-caret-square-down\"><\/i><\/span>\n\t\t<\/span>\n\n\t\t\t\t\t\t<\/summary>\n\t\t\t\t<div role=\"region\" aria-labelledby=\"e-n-accordion-item-1881\" class=\"elementor-element elementor-element-dfc1c4c e-con-full e-flex e-con e-child\" data-id=\"dfc1c4c\" data-element_type=\"container\" data-e-type=\"container\">\n\t\t\t\t<div class=\"elementor-element elementor-element-8b8606b elementor-widget elementor-widget-text-editor\" data-id=\"8b8606b\" data-element_type=\"widget\" data-e-type=\"widget\" data-widget_type=\"text-editor.default\">\n\t\t\t\t<div class=\"elementor-widget-container\">\n\t\t\t\t\t\t\t\t\t<p>Non, ADRA Canada ne re\u00e7oit pas de financement de l&#039;USAID pour un projet ou un contrat permanent. ADRA Canada est une entit\u00e9 juridique distincte dot\u00e9e de son propre conseil d&#039;administration, rattach\u00e9e \u00e0 l&#039;\u00c9glise adventiste du septi\u00e8me jour au Canada (SDACC). *Avertissement<br \/><br \/>ADRA International, dont le si\u00e8ge social est situ\u00e9 dans le Maryland, aux \u00c9tats-Unis, a utilis\u00e9 des fonds de l&#039;USAID pour financer des programmes de d\u00e9veloppement et d&#039;aide humanitaire. Pour plus d&#039;informations, consultez le site <a href=\"https:\/\/adra.org\/adra-responds-to-usaid-funding-pause-embracing-opportunities-for-continuity\">https:\/\/adra.org\/adra-responds-to-usaid-funding-pause-embracing-opportunities-for-continuity<\/a><\/p>\t\t\t\t\t\t\t\t<\/div>\n\t\t\t\t<\/div>\n\t\t\t\t<\/div>\n\t\t\t\t\t<\/details>\n\t\t\t\t\t\t<details id=\"e-n-accordion-item-1882\" class=\"e-n-accordion-item\" >\n\t\t\t\t<summary class=\"e-n-accordion-item-title\" data-accordion-index=\"3\" tabindex=\"-1\" aria-expanded=\"false\" aria-controls=\"e-n-accordion-item-1882\" >\n\t\t\t\t\t<span class='e-n-accordion-item-title-header'><div class=\"e-n-accordion-item-title-text\"> ADRA Canada re\u00e7oit-elle du financement des Nations Unies (ONU)? <\/div><\/span>\n\t\t\t\t\t\t\t<span class='e-n-accordion-item-title-icon'>\n\t\t\t<span class='e-opened' ><i aria-hidden=\"true\" class=\"far fa-caret-square-up\"><\/i><\/span>\n\t\t\t<span class='e-closed'><i aria-hidden=\"true\" class=\"far fa-caret-square-down\"><\/i><\/span>\n\t\t<\/span>\n\n\t\t\t\t\t\t<\/summary>\n\t\t\t\t<div role=\"region\" aria-labelledby=\"e-n-accordion-item-1882\" class=\"elementor-element elementor-element-a61d6ce e-con-full e-flex e-con e-child\" data-id=\"a61d6ce\" data-element_type=\"container\" data-e-type=\"container\">\n\t\t\t\t<div class=\"elementor-element elementor-element-1a026cf elementor-widget elementor-widget-text-editor\" data-id=\"1a026cf\" data-element_type=\"widget\" data-e-type=\"widget\" data-widget_type=\"text-editor.default\">\n\t\t\t\t<div class=\"elementor-widget-container\">\n\t\t\t\t\t\t\t\t\t<p>ADRA Canada, qui fait partie du r\u00e9seau ADRA, b\u00e9n\u00e9ficie du statut consultatif g\u00e9n\u00e9ral aupr\u00e8s de l\u2019ONU depuis 1997. Cela nous permet de travailler en collaboration avec d\u2019autres ONG humanitaires dans des situations de crise, d\u2019urgence ou de d\u00e9veloppement communautaire.<br \/><br \/>Non, ADRA Canada n\u2019accepte pas de financement des Nations Unies et aucun projet actif n\u2019est soutenu en partenariat avec l\u2019ONU.<\/p>\t\t\t\t\t\t\t\t<\/div>\n\t\t\t\t<\/div>\n\t\t\t\t<\/div>\n\t\t\t\t\t<\/details>\n\t\t\t\t\t\t<details id=\"e-n-accordion-item-1883\" class=\"e-n-accordion-item\" >\n\t\t\t\t<summary class=\"e-n-accordion-item-title\" data-accordion-index=\"4\" tabindex=\"-1\" aria-expanded=\"false\" aria-controls=\"e-n-accordion-item-1883\" >\n\t\t\t\t\t<span class='e-n-accordion-item-title-header'><div class=\"e-n-accordion-item-title-text\"> Est-ce qu\u2019ADRA fait du pros\u00e9lytisme ? <\/div><\/span>\n\t\t\t\t\t\t\t<span class='e-n-accordion-item-title-icon'>\n\t\t\t<span class='e-opened' ><i aria-hidden=\"true\" class=\"far fa-caret-square-up\"><\/i><\/span>\n\t\t\t<span class='e-closed'><i aria-hidden=\"true\" class=\"far fa-caret-square-down\"><\/i><\/span>\n\t\t<\/span>\n\n\t\t\t\t\t\t<\/summary>\n\t\t\t\t<div role=\"region\" aria-labelledby=\"e-n-accordion-item-1883\" class=\"elementor-element elementor-element-ad1f069 e-flex e-con-boxed e-con e-child\" data-id=\"ad1f069\" data-element_type=\"container\" data-e-type=\"container\">\n\t\t\t\t\t<div class=\"e-con-inner\">\n\t\t\t\t<div class=\"elementor-element elementor-element-58330d0 elementor-widget elementor-widget-text-editor\" data-id=\"58330d0\" data-element_type=\"widget\" data-e-type=\"widget\" data-widget_type=\"text-editor.default\">\n\t\t\t\t<div class=\"elementor-widget-container\">\n\t\t\t\t\t\t\t\t\t<p>ADRA was established by the Seventh-day Adventist Church to be its humanitarian agency looking after temporal needs of the very poor, the most vulnerable, and those affected by disasters, without any discrimination and motivated by the Church\u2019s faith and concern for the \u2018least of these\u2019. As such, ADRA ministers to people by sharing God\u2019s love through actions and \u201cChrist\u2019s Method Alone (MH 1430) is the lens by which ADRA ministers. In other words, He mingled, so do we. He was one who desired their good, so do we. He showed His sympathy for them and ministered to their need, and so do we as ADRA &#8211; the humanitarian part of the body. Then&#8230; He bade them \u201cfollow me\u201d, which is where the rest of the body of Christ comes in and completes the process in that order as Christ did among us.<\/p><p>From another lens, around the globe that are certain countries where churches are not allowed to operate, but ADRA as a humanitarian organization is able to share the love of Jesus in action. If ADRA&#8217;s mandate was to proselytise then we wouldn&#8217;t be present in these countries.<\/p>\t\t\t\t\t\t\t\t<\/div>\n\t\t\t\t<\/div>\n\t\t\t\t\t<\/div>\n\t\t\t\t<\/div>\n\t\t\t\t\t<\/details>\n\t\t\t\t\t\t<details id=\"e-n-accordion-item-1884\" class=\"e-n-accordion-item\" >\n\t\t\t\t<summary class=\"e-n-accordion-item-title\" data-accordion-index=\"5\" tabindex=\"-1\" aria-expanded=\"false\" aria-controls=\"e-n-accordion-item-1884\" >\n\t\t\t\t\t<span class='e-n-accordion-item-title-header'><div class=\"e-n-accordion-item-title-text\"> Pourquoi le travail missionnaire dans les situations de crise est probl\u00e9matique. <\/div><\/span>\n\t\t\t\t\t\t\t<span class='e-n-accordion-item-title-icon'>\n\t\t\t<span class='e-opened' ><i aria-hidden=\"true\" class=\"far fa-caret-square-up\"><\/i><\/span>\n\t\t\t<span class='e-closed'><i aria-hidden=\"true\" class=\"far fa-caret-square-down\"><\/i><\/span>\n\t\t<\/span>\n\n\t\t\t\t\t\t<\/summary>\n\t\t\t\t<div role=\"region\" aria-labelledby=\"e-n-accordion-item-1884\" class=\"elementor-element elementor-element-36d0d4d e-flex e-con-boxed e-con e-child\" data-id=\"36d0d4d\" data-element_type=\"container\" data-e-type=\"container\">\n\t\t\t\t\t<div class=\"e-con-inner\">\n\t\t\t\t<div class=\"elementor-element elementor-element-26e59b9 elementor-widget elementor-widget-text-editor\" data-id=\"26e59b9\" data-element_type=\"widget\" data-e-type=\"widget\" data-widget_type=\"text-editor.default\">\n\t\t\t\t<div class=\"elementor-widget-container\">\n\t\t\t\t\t\t\t\t\t<p>Crisis situations make people especially vulnerable. In these moments, our role is to provide practical assistance\u2014without conditions. Receiving help should never be tied to a decision of faith or require someone to listen to a lecture about our beliefs.<\/p><p>Imagine you are a survivor or someone in need in a foreign country, within a different culture. Your own faith may be important to you\u2014or maybe not. How would you feel if a humanitarian organization did not practice these values and instead made you feel pressured?<\/p><p><strong><em>Cela ne signifie cependant pas que nous cachons notre foi.<\/em><\/strong> Si l&#039;on nous interroge sur nos motivations, nous r\u00e9pondons honn\u00eatement. Mais notre aide est autonome. Il ne faut jamais consid\u00e9rer le soutien comme une obligation ou un changement de foi.<\/p><p><strong><em>La confiance est l\u2019un des piliers les plus importants du travail humanitaire.<\/em><\/strong> C&#039;est pourquoi le code humanitaire de la Croix-Rouge internationale, adopt\u00e9 par les organisations humanitaires du monde entier, interdit toute activit\u00e9 missionnaire en situation de crise. ADRA s&#039;engage \u00e9galement \u00e0 fournir une aide \u00e9thique et respectueuse de la dignit\u00e9 humaine.<\/p>\t\t\t\t\t\t\t\t<\/div>\n\t\t\t\t<\/div>\n\t\t\t\t\t<\/div>\n\t\t\t\t<\/div>\n\t\t\t\t\t<\/details>\n\t\t\t\t\t\t<details id=\"e-n-accordion-item-1885\" class=\"e-n-accordion-item\" >\n\t\t\t\t<summary class=\"e-n-accordion-item-title\" data-accordion-index=\"6\" tabindex=\"-1\" aria-expanded=\"false\" aria-controls=\"e-n-accordion-item-1885\" >\n\t\t\t\t\t<span class='e-n-accordion-item-title-header'><div class=\"e-n-accordion-item-title-text\"> Est-ce qu\u2019ADRA Canada re\u00e7oit du financement de l\u2019\u00c9glise? <\/div><\/span>\n\t\t\t\t\t\t\t<span class='e-n-accordion-item-title-icon'>\n\t\t\t<span class='e-opened' ><i aria-hidden=\"true\" class=\"far fa-caret-square-up\"><\/i><\/span>\n\t\t\t<span class='e-closed'><i aria-hidden=\"true\" class=\"far fa-caret-square-down\"><\/i><\/span>\n\t\t<\/span>\n\n\t\t\t\t\t\t<\/summary>\n\t\t\t\t<div role=\"region\" aria-labelledby=\"e-n-accordion-item-1885\" class=\"elementor-element elementor-element-802e5e0 e-flex e-con-boxed e-con e-child\" data-id=\"802e5e0\" data-element_type=\"container\" data-e-type=\"container\">\n\t\t\t\t\t<div class=\"e-con-inner\">\n\t\t\t\t<div class=\"elementor-element elementor-element-9809f21 elementor-widget elementor-widget-text-editor\" data-id=\"9809f21\" data-element_type=\"widget\" data-e-type=\"widget\" data-widget_type=\"text-editor.default\">\n\t\t\t\t<div class=\"elementor-widget-container\">\n\t\t\t\t\t\t\t\t\t<p>Yes, ADRA Canada receives monthly offerings from the Remittance system disbursed to us from the local church to the local conference and ultimately through the Seventh-day Adventist Church in Canada (SDACC). There are also two (2) offerings taken up Canada-wide annually on behalf of ADRA Canada \u2013 the May Disaster Famine &amp; Relief Offering (DFRO) and the December National ADRA Appeal Offering.<\/p><p><strong>Un temps d&#039;\u00e9conomie et de sacrifice<\/strong>\u2014If our people had the love of God in the heart, if every church member were imbued with the spirit of self-sacrifice, there would be no lack of funds for home and foreign missions; our resources would be multiplied; a thousand doors of usefulness would be opened; and we should be invited to enter. Had the purpose of God been carried out in giving the message of mercy to the world, Christ would have come, and the saints would have received their welcome into the city of God.\u2014CS 36.3<\/p>\t\t\t\t\t\t\t\t<\/div>\n\t\t\t\t<\/div>\n\t\t\t\t\t<\/div>\n\t\t\t\t<\/div>\n\t\t\t\t\t<\/details>\n\t\t\t\t\t\t<details id=\"e-n-accordion-item-1886\" class=\"e-n-accordion-item\" >\n\t\t\t\t<summary class=\"e-n-accordion-item-title\" data-accordion-index=\"7\" tabindex=\"-1\" aria-expanded=\"false\" aria-controls=\"e-n-accordion-item-1886\" >\n\t\t\t\t\t<span class='e-n-accordion-item-title-header'><div class=\"e-n-accordion-item-title-text\"> Pourquoi l\u2019ADRA recherche-t-elle des financements aupr\u00e8s du gouvernement et d\u2019autres organisations ? <\/div><\/span>\n\t\t\t\t\t\t\t<span class='e-n-accordion-item-title-icon'>\n\t\t\t<span class='e-opened' ><i aria-hidden=\"true\" class=\"far fa-caret-square-up\"><\/i><\/span>\n\t\t\t<span class='e-closed'><i aria-hidden=\"true\" class=\"far fa-caret-square-down\"><\/i><\/span>\n\t\t<\/span>\n\n\t\t\t\t\t\t<\/summary>\n\t\t\t\t<div role=\"region\" aria-labelledby=\"e-n-accordion-item-1886\" class=\"elementor-element elementor-element-27b312d e-flex e-con-boxed e-con e-child\" data-id=\"27b312d\" data-element_type=\"container\" data-e-type=\"container\">\n\t\t\t\t\t<div class=\"e-con-inner\">\n\t\t\t\t<div class=\"elementor-element elementor-element-6d6d2a1 elementor-widget elementor-widget-text-editor\" data-id=\"6d6d2a1\" data-element_type=\"widget\" data-e-type=\"widget\" data-widget_type=\"text-editor.default\">\n\t\t\t\t<div class=\"elementor-widget-container\">\n\t\t\t\t\t\t\t\t\t<p>ADRA a \u00e9t\u00e9 cr\u00e9\u00e9e en tant qu\u2019entit\u00e9 juridique distincte de l\u2019\u00c9glise pour rechercher des partenariats avec des organisations qui \u0153uvrent \u00e0 la restauration de la dignit\u00e9 par le d\u00e9veloppement et les secours. <br \/><br \/>ADRA seeks cooperation and funding partnerships with philanthropic organisations, government agencies, denominations and development banks which align with ADRA\u2019s values and the Seventh-day Adventist Church\u2019s concerns and principles in meeting human need. This allows us to extend our reach to respond to needs beyond what could be funded with private donations only.<\/p>\t\t\t\t\t\t\t\t<\/div>\n\t\t\t\t<\/div>\n\t\t\t\t\t<\/div>\n\t\t\t\t<\/div>\n\t\t\t\t\t<\/details>\n\t\t\t\t\t\t<details id=\"e-n-accordion-item-1887\" class=\"e-n-accordion-item\" >\n\t\t\t\t<summary class=\"e-n-accordion-item-title\" data-accordion-index=\"8\" tabindex=\"-1\" aria-expanded=\"false\" aria-controls=\"e-n-accordion-item-1887\" >\n\t\t\t\t\t<span class='e-n-accordion-item-title-header'><div class=\"e-n-accordion-item-title-text\"> Quel type d\u2019examen de contrat\/accord ADRA Canada effectue-t-il pour garantir que tous les projets\/partenariats sont conformes aux valeurs et aux croyances de l\u2019ADS ? <\/div><\/span>\n\t\t\t\t\t\t\t<span class='e-n-accordion-item-title-icon'>\n\t\t\t<span class='e-opened' ><i aria-hidden=\"true\" class=\"far fa-caret-square-up\"><\/i><\/span>\n\t\t\t<span class='e-closed'><i aria-hidden=\"true\" class=\"far fa-caret-square-down\"><\/i><\/span>\n\t\t<\/span>\n\n\t\t\t\t\t\t<\/summary>\n\t\t\t\t<div role=\"region\" aria-labelledby=\"e-n-accordion-item-1887\" class=\"elementor-element elementor-element-aa6fef7 e-flex e-con-boxed e-con e-child\" data-id=\"aa6fef7\" data-element_type=\"container\" data-e-type=\"container\">\n\t\t\t\t\t<div class=\"e-con-inner\">\n\t\t\t\t<div class=\"elementor-element elementor-element-64165e1 elementor-widget elementor-widget-text-editor\" data-id=\"64165e1\" data-element_type=\"widget\" data-e-type=\"widget\" data-widget_type=\"text-editor.default\">\n\t\t\t\t<div class=\"elementor-widget-container\">\n\t\t\t\t\t\t\t\t\t<p>ADRA Canada examine attentivement tout contrat ou accord de partenariat afin de garantir son ad\u00e9quation aux croyances et aux valeurs adventistes du septi\u00e8me jour et leur mise en \u0153uvre concr\u00e8te dans la mise en \u0153uvre de tout projet. L&#039;organisation ou l&#039;entit\u00e9 institutionnelle (p. ex., le gouvernement) peut promouvoir des valeurs, mais ADRA Canada effectue une v\u00e9rification diligente afin d&#039;\u00e9valuer les actions que nous pouvons adopter de mani\u00e8re \u00e9thique et celles que nous ne pouvons pas adopter. Aucun contrat ou accord de partenariat n&#039;est conclu sans que nous puissions le signer de mani\u00e8re v\u00e9rifiable et en toute bonne conscience, sachant qu&#039;il est conforme \u00e0 l&#039;\u00e9thique adventiste sur un sujet donn\u00e9.<\/p>\t\t\t\t\t\t\t\t<\/div>\n\t\t\t\t<\/div>\n\t\t\t\t\t<\/div>\n\t\t\t\t<\/div>\n\t\t\t\t\t<\/details>\n\t\t\t\t\t\t<details id=\"e-n-accordion-item-1888\" class=\"e-n-accordion-item\" >\n\t\t\t\t<summary class=\"e-n-accordion-item-title\" data-accordion-index=\"9\" tabindex=\"-1\" aria-expanded=\"false\" aria-controls=\"e-n-accordion-item-1888\" >\n\t\t\t\t\t<span class='e-n-accordion-item-title-header'><div class=\"e-n-accordion-item-title-text\"> Exemples bibliques o\u00f9 le peuple de Dieu ou les chr\u00e9tiens ont re\u00e7u un soutien financier ou mat\u00e9riel de la part de gouvernements, de rois ou de Gentils : <\/div><\/span>\n\t\t\t\t\t\t\t<span class='e-n-accordion-item-title-icon'>\n\t\t\t<span class='e-opened' ><i aria-hidden=\"true\" class=\"far fa-caret-square-up\"><\/i><\/span>\n\t\t\t<span class='e-closed'><i aria-hidden=\"true\" class=\"far fa-caret-square-down\"><\/i><\/span>\n\t\t<\/span>\n\n\t\t\t\t\t\t<\/summary>\n\t\t\t\t<div role=\"region\" aria-labelledby=\"e-n-accordion-item-1888\" class=\"elementor-element elementor-element-bdd2968 e-flex e-con-boxed e-con e-child\" data-id=\"bdd2968\" data-element_type=\"container\" data-e-type=\"container\">\n\t\t\t\t\t<div class=\"e-con-inner\">\n\t\t\t\t<div class=\"elementor-element elementor-element-5820f68 elementor-widget elementor-widget-text-editor\" data-id=\"5820f68\" data-element_type=\"widget\" data-e-type=\"widget\" data-widget_type=\"text-editor.default\">\n\t\t\t\t<div class=\"elementor-widget-container\">\n\t\t\t\t\t\t\t\t\t<p><strong>Ancien Testament<\/strong><\/p><ol><li><strong>Cyrus et la reconstruction du Temple<\/strong><ul><li><em>Esdras 1:2-4<\/em> \u2013 King Cyrus of Persia decrees that the Israelites can return to Jerusalem and rebuild the temple, providing them with silver, gold, and goods.<\/li><li><em>Esdras 6:8-10<\/em> \u2013 King Darius later confirms the decree and orders that expenses for the temple be paid from the royal treasury.<\/li><\/ul><\/li><li><strong>N\u00e9h\u00e9mie et la reconstruction de J\u00e9rusalem<\/strong><ul><li><em>N\u00e9h\u00e9mie 2:7-9<\/em> \u2013 Nehemiah, serving in the Persian court, receives letters and provisions from King Artaxerxes to rebuild the walls of Jerusalem.<\/li><\/ul><\/li><li><strong>Joseph en \u00c9gypte<\/strong><ul><li><em>Gen\u00e8se 41:39-44<\/em> \u2013 Pharaoh appoints Joseph as second-in-command and provides him with resources to prepare for the famine, which ultimately benefits his family and the future nation of Israel.<\/li><\/ul><\/li><li><strong>Les Isra\u00e9lites quittant l&#039;\u00c9gypte<\/strong><ul><li><em>Exode 12:35-36<\/em> \u2013 The Israelites receive silver, gold, and clothing from the Egyptians as they depart for the Promised Land.<\/li><\/ul><\/li><li><strong>Solomon\u2019s Temple Contributions from Gentile Kings<\/strong><ul><li><em>1 Rois 5:1-10<\/em> \u2013 King Hiram of Tyre provides materials and workers to help build Solomon\u2019s Temple.<\/li><\/ul><\/li><\/ol><p><strong><br \/><br \/>le Nouveau Testament<\/strong><\/p><ol><li><strong>Les mages apportant des cadeaux \u00e0 J\u00e9sus<\/strong><ul><li><em>Matthieu 2:11<\/em> \u2013 Wise men (likely Gentiles) bring gold, frankincense, and myrrh to Jesus, which could have helped finance His family&#8217;s escape to Egypt.<\/li><\/ul><\/li><li><strong>Paul re\u00e7oit le soutien des citoyens romains<\/strong><ul><li><em>Actes 16:14-15<\/em> \u2013 Lydia, a wealthy businesswoman from Philippi, supports Paul and his ministry.<\/li><li><em>Actes 24:23<\/em> \u2013 Governor Felix allows Paul to have some freedom and permits his friends to provide for his needs.<\/li><\/ul><\/li><li><strong>Le gouvernement romain finance le voyage \u00e0 Rome<\/strong><ul><li><em>Actes 27:3, 43-44<\/em> \u2013 Paul, as a prisoner, is provided for by the Roman authorities during his journey to Rome.<\/li><\/ul><\/li><\/ol><p><br \/>Ces passages d\u00e9montrent que Dieu a parfois utilis\u00e9 des dirigeants pa\u00efens et des gouvernements \u00e9trangers pour soutenir son peuple et accomplir ses desseins.<\/p>\t\t\t\t\t\t\t\t<\/div>\n\t\t\t\t<\/div>\n\t\t\t\t\t<\/div>\n\t\t\t\t<\/div>\n\t\t\t\t\t<\/details>\n\t\t\t\t\t\t<details id=\"e-n-accordion-item-1889\" class=\"e-n-accordion-item\" >\n\t\t\t\t<summary class=\"e-n-accordion-item-title\" data-accordion-index=\"10\" tabindex=\"-1\" aria-expanded=\"false\" aria-controls=\"e-n-accordion-item-1889\" >\n\t\t\t\t\t<span class='e-n-accordion-item-title-header'><div class=\"e-n-accordion-item-title-text\"> Que dit Ellen G. White \u00e0 propos de l&#039;acceptation de financements provenant d&#039;organisations ou de personnes non chr\u00e9tiennes\u00a0? ADRA devrait-elle collaborer avec elles ou avec leurs fonds\u00a0? <\/div><\/span>\n\t\t\t\t\t\t\t<span class='e-n-accordion-item-title-icon'>\n\t\t\t<span class='e-opened' ><i aria-hidden=\"true\" class=\"far fa-caret-square-up\"><\/i><\/span>\n\t\t\t<span class='e-closed'><i aria-hidden=\"true\" class=\"far fa-caret-square-down\"><\/i><\/span>\n\t\t<\/span>\n\n\t\t\t\t\t\t<\/summary>\n\t\t\t\t<div role=\"region\" aria-labelledby=\"e-n-accordion-item-1889\" class=\"elementor-element elementor-element-d58f532 e-flex e-con-boxed e-con e-child\" data-id=\"d58f532\" data-element_type=\"container\" data-e-type=\"container\">\n\t\t\t\t\t<div class=\"e-con-inner\">\n\t\t\t\t<div class=\"elementor-element elementor-element-788337c elementor-widget elementor-widget-text-editor\" data-id=\"788337c\" data-element_type=\"widget\" data-e-type=\"widget\" data-widget_type=\"text-editor.default\">\n\t\t\t\t<div class=\"elementor-widget-container\">\n\t\t\t\t\t\t\t\t\t<p><strong>Copi\u00e9 de<\/strong> <strong>\u00a0<\/strong><a href=\"https:\/\/egwwritings.org\/read?panels=p152.1259(152.1260)&amp;index=0\"><strong>EGW Writings\u00ae: Welfare Ministry<\/strong><\/a><\/p><p><strong>Recevoir de sources ext\u00e9rieures<\/strong>\u2014God will open the way for us from sources outside our own people. I cannot see how anyone can take exceptions to the receiving of gifts from those not of our faith. They can only do so by taking extreme views and by creating issues which they are not authorized to do.\u2014Special Testimonies, Series A 3:43<\/p><p><strong>Dieu intervient aupr\u00e8s des incroyants pour les aider<\/strong>\u2014You inquire with respect to the propriety of receiving gifts from Gentiles or the heathen. The question is not strange; but I would ask you, Who is that owns our world? Who are the real owners of houses and lands? Is it not God? He has an abundance in our world which He has placed in the hands of men, by which the hungry might be supplied with food, the naked with clothing, the homeless with homes. The Lord would move upon worldly men, even idolaters, to give of their abundance for the support of the work, if we would approach them wisely and give them an opportunity of doing those things which it is their privilege to do. What they would give we should be privileged to receive.<\/p><p>We should become acquainted with men in high places, and by exercising the wisdom of the serpent and the harmlessness of the dove we might obtain advantage from them, for God would move upon their minds to do many things in behalf of His people. If proper persons would set before those who have means and influence, the needs of the work of God in a proper light, these men might do much to advance the cause of God in our world. We have put away from us privileges and advantages that we might have had the benefit of, because we chose to stand independent of the world. But we need not sacrifice one principle of truth while taking advantage of every opportunity to advance the cause of God.\u2014Special Testimonies, Series A 3:29, 30<\/p><p><strong>Appelons les grands et les bons hommes \u00e0 nous aider<\/strong>\u2014There is a world to be warned, and we have been very delicate about calling upon rich men, either church members or worldlings, to aid us in the work. We would that all professed Christians stood with us. We would that their souls might be drawn out in liberality in aiding us in building up the kingdom of God in our world. We should call upon great and good men to help us in our Christian endeavor work. They should be invited to second our efforts in seeking to save that which is lost.\u2014The Origin and Development of the Thanksgiving Plan, 5<\/p><p><strong>De tels cadeaux ne doivent pas \u00eatre refus\u00e9s<\/strong>\u2014When we show to the world, to angels, and to men that the prosperity of the cause of God is our first consideration, God will bless us. Sometimes He works through unbelievers, and unexpected relief comes. The Lord puts it into the hearts of men to help. The means coming in this way is not to be refused. When means comes from unbelievers it is to be used by the human agent to honor God. Every spiritually-minded, wholehearted giver will rightly apply every God-entrusted talent.<\/p><p>The Lord does not have to depend upon our means. He will not be restricted by the human agent. His way is always the best way, and any help that may come to advance His cause and work in any of our institutions is to be used as coming from Him. Gifts from unbelievers are not to be refused. The money is the Lord&#8217;s, and is to be received with gratitude. Let God work and send by whom He will&#8230;. We believe time is closing. Eternity is at hand. Our supply of means is limited, and the work to be done is great. It is now that faith must be exercised. Our sufficiency is in God.\u2014Manuscript 47, 1899<\/p><p><strong>Les riches fourniront des installations<\/strong>\u2014Let those who labor in the interests of the cause of God lay the necessities of the work in &#8212;&#8211; before the wealthy men of the world. Do this judiciously. Tell them what you are trying to do. Solicit donations from them. It is God&#8217;s means which they have, means which should be used in enlightening the world. There are stored up in the earth large treasures of gold and silver. Men&#8217;s riches have accumulated. Go to these men with a heart filled with love for Christ and suffering humanity and ask them to help you in the work you are trying to do for the Master. As they see that you reveal the sentiments of God&#8217;s benevolence, a chord will be touched in their hearts. They will realize that they can be Christ&#8217;s helping hand by doing medical missionary work. They will be led to cooperate with God, to provide the facilities necessary to set in operation the work that needs to be done.\u2014Manuscript 40, 1901<\/p><p><strong>Impressionn\u00e9 par l&#039;Esprit de donner<\/strong>\u2014The higher classes have been strangely neglected. In the higher walks of life will be found many who will respond to the truth, because it is consistent, because it bears the stamp of the high character of the gospel. Not a few of the men of ability thus won to the cause will enter energetically into the Lord&#8217;s work.<\/p><p><strong>It Is God&#8217;s Money<\/strong>\u2014Why not ask the Gentiles for assistance? I have received instruction that there are men and women in the world who have sympathetic hearts, and who will be touched with compassion as the needs of suffering humanity are presented before them&#8230;.<\/p><p>The matter has been presented to me in this light. Our work is to be aggressive. The money is the Lord&#8217;s, and if the wealthy are approached in the right way, the Lord will touch their hearts and impress them to give of their means. God&#8217;s money is in the hands of these men, and some of them will heed the request for help.<\/p><p>Talk this over, and do all in your power to secure gifts. We are not to feel that it would not be the thing to ask men of the world for means, for it is just the thing to do. This plan was opened before me as a way of coming in touch with wealthy men of the world. Through this means not a few will become interested, and may hear and believe the truth for this time.\u2014Stewardship Series, no. 1, 15, 16<\/p><p><strong>Comment faire l&#039;approche<\/strong>\u2014Multitudes who are prosperous in the world and who never stoop to the common forms of vice are yet brought to destruction through the love of riches&#8230;.These men are in need of the gospel. They need to have their eyes turned from the vanity of material things to behold the preciousness of the enduring riches. They need to learn the joy of giving, the blessedness of being coworkers with God.\u2014MH 211-213.<\/p>\t\t\t\t\t\t\t\t<\/div>\n\t\t\t\t<\/div>\n\t\t\t\t\t<\/div>\n\t\t\t\t<\/div>\n\t\t\t\t\t<\/details>\n\t\t\t\t\t\t<details id=\"e-n-accordion-item-18810\" class=\"e-n-accordion-item\" >\n\t\t\t\t<summary class=\"e-n-accordion-item-title\" data-accordion-index=\"11\" tabindex=\"-1\" aria-expanded=\"false\" aria-controls=\"e-n-accordion-item-18810\" >\n\t\t\t\t\t<span class='e-n-accordion-item-title-header'><div class=\"e-n-accordion-item-title-text\"> Pourquoi ADRA coop\u00e8re-t-elle avec diff\u00e9rentes organisations ? <\/div><\/span>\n\t\t\t\t\t\t\t<span class='e-n-accordion-item-title-icon'>\n\t\t\t<span class='e-opened' ><i aria-hidden=\"true\" class=\"far fa-caret-square-up\"><\/i><\/span>\n\t\t\t<span class='e-closed'><i aria-hidden=\"true\" class=\"far fa-caret-square-down\"><\/i><\/span>\n\t\t<\/span>\n\n\t\t\t\t\t\t<\/summary>\n\t\t\t\t<div role=\"region\" aria-labelledby=\"e-n-accordion-item-18810\" class=\"elementor-element elementor-element-f6fa65d e-flex e-con-boxed e-con e-child\" data-id=\"f6fa65d\" data-element_type=\"container\" data-e-type=\"container\">\n\t\t\t\t\t<div class=\"e-con-inner\">\n\t\t\t\t<div class=\"elementor-element elementor-element-3a594ab elementor-widget elementor-widget-text-editor\" data-id=\"3a594ab\" data-element_type=\"widget\" data-e-type=\"widget\" data-widget_type=\"text-editor.default\">\n\t\t\t\t<div class=\"elementor-widget-container\">\n\t\t\t\t\t\t\t\t\t<p>ADRA collabore avec des partenaires de confiance, dont l&#039;\u00c9glise adventiste du septi\u00e8me jour, d&#039;autres groupes religieux et des organisations non gouvernementales, pour \u00e9tendre ses services et ses ressources \u00e0 travers le monde et contribuer \u00e0 am\u00e9liorer la qualit\u00e9 de vie de millions de personnes. Ensemble, si chacun apporte ses forces et son expertise sp\u00e9cifiques, nous sommes plus forts.<\/p><p>ADRA\u2019s global network of Adventist churches and volunteers, as well as education and health institutions gives us access to places and people that many other organisations cannot reach. ADRA and the Adventist Church continue to work collaboratively to bring about significant change in remote and disadvantaged areas around the world.<br \/><br \/>*<em>Clause de non-responsabilit\u00e9 <\/em>\u2013 During the Alberta Wildfires in 2024, USAID gave $130K CAD toward the relief of that isolated emergency response that ADRA implemented.<\/p>\t\t\t\t\t\t\t\t<\/div>\n\t\t\t\t<\/div>\n\t\t\t\t\t<\/div>\n\t\t\t\t<\/div>\n\t\t\t\t\t<\/details>\n\t\t\t\t\t<\/div>\n\t\t\t\t\t\t<\/div>\n\t\t\t\t<\/div>\n\t\t\t\t<\/div>\n\t\t\t\t\t<\/div>\n\t\t\t\t<\/div>\n\t\t\t\t<section class=\"elementor-section elementor-top-section elementor-element elementor-element-6c9375c4 elementor-section-full_width elementor-section-height-default elementor-section-height-default\" data-id=\"6c9375c4\" data-element_type=\"section\" data-e-type=\"section\">\n\t\t\t\t\t\t<div class=\"elementor-container elementor-column-gap-default\">\n\t\t\t\t\t<div class=\"elementor-column elementor-col-100 elementor-top-column elementor-element elementor-element-5ec96ea9\" data-id=\"5ec96ea9\" data-element_type=\"column\" data-e-type=\"column\">\n\t\t\t<div class=\"elementor-widget-wrap elementor-element-populated\">\n\t\t\t\t\t\t<section class=\"elementor-section elementor-inner-section elementor-element elementor-element-23d1c3b9 elementor-section-height-min-height elementor-section-boxed elementor-section-height-default\" data-id=\"23d1c3b9\" data-element_type=\"section\" data-e-type=\"section\" data-settings=\"{&quot;background_background&quot;:&quot;classic&quot;}\">\n\t\t\t\t\t\t<div class=\"elementor-container elementor-column-gap-default\">\n\t\t\t\t\t<div class=\"elementor-column elementor-col-100 elementor-inner-column elementor-element elementor-element-4ffa991d\" data-id=\"4ffa991d\" data-element_type=\"column\" data-e-type=\"column\">\n\t\t\t<div class=\"elementor-widget-wrap elementor-element-populated\">\n\t\t\t\t\t\t<div class=\"elementor-element elementor-element-34b6af11 elementor-widget elementor-widget-icon-box\" data-id=\"34b6af11\" data-element_type=\"widget\" data-e-type=\"widget\" data-widget_type=\"icon-box.default\">\n\t\t\t\t<div class=\"elementor-widget-container\">\n\t\t\t\t\t\t\t<div class=\"elementor-icon-box-wrapper\">\n\n\t\t\t\n\t\t\t\t\t\t<div class=\"elementor-icon-box-content\">\n\n\t\t\t\t\t\t\t\t\t<h1 class=\"elementor-icon-box-title\">\n\t\t\t\t\t\t<span  >\n\t\t\t\t\t\t\tZones d&#039;impact\t\t\t\t\t\t<\/span>\n\t\t\t\t\t<\/h1>\n\t\t\t\t\n\t\t\t\t\n\t\t\t<\/div>\n\t\t\t\n\t\t<\/div>\n\t\t\t\t\t\t<\/div>\n\t\t\t\t<\/div>\n\t\t\t\t\t<\/div>\n\t\t<\/div>\n\t\t\t\t\t<\/div>\n\t\t<\/section>\n\t\t<div class=\"elementor-element elementor-element-c7fb54b e-flex e-con-boxed e-con e-parent\" data-id=\"c7fb54b\" data-element_type=\"container\" data-e-type=\"container\" data-settings=\"{&quot;background_background&quot;:&quot;classic&quot;}\">\n\t\t\t\t\t<div class=\"e-con-inner\">\n\t\t<div class=\"elementor-element elementor-element-ccb70a2 e-grid e-con-boxed e-con e-child\" data-id=\"ccb70a2\" data-element_type=\"container\" data-e-type=\"container\">\n\t\t\t\t\t<div class=\"e-con-inner\">\n\t\t\t\t<div class=\"elementor-element elementor-element-65602c65 elementor-flip-box--effect-push elementor-flip-box--direction-up elementor-widget elementor-widget-flip-box\" data-id=\"65602c65\" data-element_type=\"widget\" data-e-type=\"widget\" data-widget_type=\"flip-box.default\">\n\t\t\t\t<div class=\"elementor-widget-container\">\n\t\t\t\t\t\t\t<div class=\"elementor-flip-box\" tabindex=\"0\">\n\t\t\t<div class=\"elementor-flip-box__layer elementor-flip-box__front\">\n\t\t\t\t<div class=\"elementor-flip-box__layer__overlay\">\n\t\t\t\t\t<div class=\"elementor-flip-box__layer__inner\">\n\t\t\t\t\t\t\t\t\t\t\t\t\t<div class=\"elementor-icon-wrapper elementor-view-default\">\n\t\t\t\t\t\t\t\t<div class=\"elementor-icon\">\n\t\t\t\t\t\t\t\t\t<i aria-hidden=\"true\" class=\"fas fa-water\"><\/i>\t\t\t\t\t\t\t\t<\/div>\n\t\t\t\t\t\t\t<\/div>\n\t\t\t\t\t\t\n\t\t\t\t\t\t\t\t\t\t\t\t\t<h3 class=\"elementor-flip-box__layer__title\">\n\t\t\t\t\t\t\t\tLAVAGE \u200b\t\t\t\t\t\t\t<\/h3>\n\t\t\t\t\t\t\n\t\t\t\t\t\t\t\t\t\t\t<\/div>\n\t\t\t\t<\/div>\n\t\t\t<\/div>\n\t\t\t<div class=\"elementor-flip-box__layer elementor-flip-box__back\">\n\t\t\t<div class=\"elementor-flip-box__layer__overlay\">\n\t\t\t\t<div class=\"elementor-flip-box__layer__inner\">\n\t\t\t\t\t\n\t\t\t\t\t\t\t\t\t\t\t<div class=\"elementor-flip-box__layer__description\">\n\t\t\t\t\t\t\tLes initiatives WASH donnent la priorit\u00e9 \u00e0 la sant\u00e9 communautaire en construisant des installations sanitaires essentielles telles que des latrines, des toilettes et des stations de lavage des mains, dans le but de pr\u00e9venir la transmission des maladies et d&#039;am\u00e9liorer le bien-\u00eatre gr\u00e2ce \u00e0 l&#039;\u00e9ducation \u00e0 l&#039;hygi\u00e8ne.\n\n\n\n\n\t\t\t\t\t\t<\/div>\n\t\t\t\t\t\n\t\t\t\t\t\t\t\t<\/div>\n\t\t<\/div>\n\t\t<\/div>\n\t\t<\/div>\n\t\t\t\t\t\t<\/div>\n\t\t\t\t<\/div>\n\t\t\t\t<div class=\"elementor-element elementor-element-1cea58ae elementor-flip-box--effect-push elementor-flip-box--direction-up elementor-widget elementor-widget-flip-box\" data-id=\"1cea58ae\" data-element_type=\"widget\" data-e-type=\"widget\" data-widget_type=\"flip-box.default\">\n\t\t\t\t<div class=\"elementor-widget-container\">\n\t\t\t\t\t\t\t<div class=\"elementor-flip-box\" tabindex=\"0\">\n\t\t\t<div class=\"elementor-flip-box__layer elementor-flip-box__front\">\n\t\t\t\t<div class=\"elementor-flip-box__layer__overlay\">\n\t\t\t\t\t<div class=\"elementor-flip-box__layer__inner\">\n\t\t\t\t\t\t\t\t\t\t\t\t\t<div class=\"elementor-icon-wrapper elementor-view-default\">\n\t\t\t\t\t\t\t\t<div class=\"elementor-icon\">\n\t\t\t\t\t\t\t\t\t<i aria-hidden=\"true\" class=\"fas fa-apple-alt\"><\/i>\t\t\t\t\t\t\t\t<\/div>\n\t\t\t\t\t\t\t<\/div>\n\t\t\t\t\t\t\n\t\t\t\t\t\t\t\t\t\t\t\t\t<h2 class=\"elementor-flip-box__layer__title\">\n\t\t\t\t\t\t\t\tAide alimentaire\t\t\t\t\t\t\t<\/h2>\n\t\t\t\t\t\t\n\t\t\t\t\t\t\t\t\t\t\t<\/div>\n\t\t\t\t<\/div>\n\t\t\t<\/div>\n\t\t\t<div class=\"elementor-flip-box__layer elementor-flip-box__back\">\n\t\t\t<div class=\"elementor-flip-box__layer__overlay\">\n\t\t\t\t<div class=\"elementor-flip-box__layer__inner\">\n\t\t\t\t\t\n\t\t\t\t\t\t\t\t\t\t\t<div class=\"elementor-flip-box__layer__description\">\n\t\t\t\t\t\t\tADRA Canada assure la s\u00e9curit\u00e9 alimentaire gr\u00e2ce \u00e0 une agriculture durable, en fournissant des aliments s\u00fbrs et nutritifs et en \u00e9duquant les communaut\u00e9s pour une meilleure sant\u00e9, en se concentrant particuli\u00e8rement sur le bien-\u00eatre des m\u00e8res, des nouveau-n\u00e9s et des enfants.\n\n\n\n\n\n\n\n\n\n\n\t\t\t\t\t\t<\/div>\n\t\t\t\t\t\n\t\t\t\t\t\t\t\t<\/div>\n\t\t<\/div>\n\t\t<\/div>\n\t\t<\/div>\n\t\t\t\t\t\t<\/div>\n\t\t\t\t<\/div>\n\t\t\t\t<div class=\"elementor-element elementor-element-6bc941bc elementor-flip-box--effect-push elementor-flip-box--direction-up elementor-widget elementor-widget-flip-box\" data-id=\"6bc941bc\" data-element_type=\"widget\" data-e-type=\"widget\" data-widget_type=\"flip-box.default\">\n\t\t\t\t<div class=\"elementor-widget-container\">\n\t\t\t\t\t\t\t<div class=\"elementor-flip-box\" tabindex=\"0\">\n\t\t\t<div class=\"elementor-flip-box__layer elementor-flip-box__front\">\n\t\t\t\t<div class=\"elementor-flip-box__layer__overlay\">\n\t\t\t\t\t<div class=\"elementor-flip-box__layer__inner\">\n\t\t\t\t\t\t\t\t\t\t\t\t\t<div class=\"elementor-icon-wrapper elementor-view-default\">\n\t\t\t\t\t\t\t\t<div class=\"elementor-icon\">\n\t\t\t\t\t\t\t\t\t<i aria-hidden=\"true\" class=\"fas fa-user-nurse\"><\/i>\t\t\t\t\t\t\t\t<\/div>\n\t\t\t\t\t\t\t<\/div>\n\t\t\t\t\t\t\n\t\t\t\t\t\t\t\t\t\t\t\t\t<h3 class=\"elementor-flip-box__layer__title\">\n\t\t\t\t\t\t\t\tSant\u00e9\u200b\t\t\t\t\t\t\t<\/h3>\n\t\t\t\t\t\t\n\t\t\t\t\t\t\t\t\t\t\t<\/div>\n\t\t\t\t<\/div>\n\t\t\t<\/div>\n\t\t\t<div class=\"elementor-flip-box__layer elementor-flip-box__back\">\n\t\t\t<div class=\"elementor-flip-box__layer__overlay\">\n\t\t\t\t<div class=\"elementor-flip-box__layer__inner\">\n\t\t\t\t\t\n\t\t\t\t\t\t\t\t\t\t\t<div class=\"elementor-flip-box__layer__description\">\n\t\t\t\t\t\t\tLes projets de sant\u00e9 d&#039;ADRA Canada visent \u00e0 am\u00e9liorer l&#039;acc\u00e8s aux soins de sant\u00e9 et les r\u00e9sultats dans les communaut\u00e9s vuln\u00e9rables gr\u00e2ce \u00e0 la formation professionnelle, \u00e0 l&#039;am\u00e9lioration du syst\u00e8me et \u00e0 la pr\u00e9vention des maladies, favorisant ainsi des communaut\u00e9s plus saines.\t\t\t\t\t\t<\/div>\n\t\t\t\t\t\n\t\t\t\t\t\t\t\t<\/div>\n\t\t<\/div>\n\t\t<\/div>\n\t\t<\/div>\n\t\t\t\t\t\t<\/div>\n\t\t\t\t<\/div>\n\t\t\t\t<div class=\"elementor-element elementor-element-515a70bc elementor-flip-box--effect-push elementor-flip-box--direction-up elementor-widget elementor-widget-flip-box\" data-id=\"515a70bc\" data-element_type=\"widget\" data-e-type=\"widget\" data-widget_type=\"flip-box.default\">\n\t\t\t\t<div class=\"elementor-widget-container\">\n\t\t\t\t\t\t\t<div class=\"elementor-flip-box\" tabindex=\"0\">\n\t\t\t<div class=\"elementor-flip-box__layer elementor-flip-box__front\">\n\t\t\t\t<div class=\"elementor-flip-box__layer__overlay\">\n\t\t\t\t\t<div class=\"elementor-flip-box__layer__inner\">\n\t\t\t\t\t\t\t\t\t\t\t\t\t<div class=\"elementor-icon-wrapper elementor-view-default\">\n\t\t\t\t\t\t\t\t<div class=\"elementor-icon\">\n\t\t\t\t\t\t\t\t\t<i aria-hidden=\"true\" class=\"fas fa-child\"><\/i>\t\t\t\t\t\t\t\t<\/div>\n\t\t\t\t\t\t\t<\/div>\n\t\t\t\t\t\t\n\t\t\t\t\t\t\t\t\t\t\t\t\t<h3 class=\"elementor-flip-box__layer__title\">\n\t\t\t\t\t\t\t\tprotection\t\t\t\t\t\t\t<\/h3>\n\t\t\t\t\t\t\n\t\t\t\t\t\t\t\t\t\t\t<\/div>\n\t\t\t\t<\/div>\n\t\t\t<\/div>\n\t\t\t<div class=\"elementor-flip-box__layer elementor-flip-box__back\">\n\t\t\t<div class=\"elementor-flip-box__layer__overlay\">\n\t\t\t\t<div class=\"elementor-flip-box__layer__inner\">\n\t\t\t\t\t\n\t\t\t\t\t\t\t\t\t\t\t<div class=\"elementor-flip-box__layer__description\">\n\t\t\t\t\t\t\tLes projets de protection donnent la priorit\u00e9 \u00e0 la s\u00e9curit\u00e9 et aux droits des personnes vuln\u00e9rables, en particulier les femmes et les enfants, dans le but de les prot\u00e9ger contre les pr\u00e9judices, l&#039;exploitation et les abus, et de promouvoir un environnement s\u00fbr pour tous.\n\n\n\n\n\n\t\t\t\t\t\t<\/div>\n\t\t\t\t\t\n\t\t\t\t\t\t\t\t<\/div>\n\t\t<\/div>\n\t\t<\/div>\n\t\t<\/div>\n\t\t\t\t\t\t<\/div>\n\t\t\t\t<\/div>\n\t\t\t\t<div class=\"elementor-element elementor-element-452842a6 elementor-flip-box--effect-push elementor-flip-box--direction-up elementor-widget elementor-widget-flip-box\" data-id=\"452842a6\" data-element_type=\"widget\" data-e-type=\"widget\" data-widget_type=\"flip-box.default\">\n\t\t\t\t<div class=\"elementor-widget-container\">\n\t\t\t\t\t\t\t<div class=\"elementor-flip-box\" tabindex=\"0\">\n\t\t\t<div class=\"elementor-flip-box__layer elementor-flip-box__front\">\n\t\t\t\t<div class=\"elementor-flip-box__layer__overlay\">\n\t\t\t\t\t<div class=\"elementor-flip-box__layer__inner\">\n\t\t\t\t\t\t\t\t\t\t\t\t\t<div class=\"elementor-icon-wrapper elementor-view-default\">\n\t\t\t\t\t\t\t\t<div class=\"elementor-icon\">\n\t\t\t\t\t\t\t\t\t<i aria-hidden=\"true\" class=\"fas fa-house-user\"><\/i>\t\t\t\t\t\t\t\t<\/div>\n\t\t\t\t\t\t\t<\/div>\n\t\t\t\t\t\t\n\t\t\t\t\t\t\t\t\t\t\t\t\t<h3 class=\"elementor-flip-box__layer__title\">\n\t\t\t\t\t\t\t\tAbri\t\t\t\t\t\t\t<\/h3>\n\t\t\t\t\t\t\n\t\t\t\t\t\t\t\t\t\t\t<\/div>\n\t\t\t\t<\/div>\n\t\t\t<\/div>\n\t\t\t<div class=\"elementor-flip-box__layer elementor-flip-box__back\">\n\t\t\t<div class=\"elementor-flip-box__layer__overlay\">\n\t\t\t\t<div class=\"elementor-flip-box__layer__inner\">\n\t\t\t\t\t\n\t\t\t\t\t\t\t\t\t\t\t<div class=\"elementor-flip-box__layer__description\">\n\t\t\t\t\t\t\tEn r\u00e9ponse aux catastrophes et aux conflits, ADRA Canada fournit des solutions d&#039;h\u00e9bergement aux personnes d\u00e9plac\u00e9es ou sans abri. Ces projets visent \u00e0 cr\u00e9er des conditions de vie s\u00fbres, dignes et ad\u00e9quates pour les individus et les familles.\t\t\t\t\t\t<\/div>\n\t\t\t\t\t\n\t\t\t\t\t\t\t\t<\/div>\n\t\t<\/div>\n\t\t<\/div>\n\t\t<\/div>\n\t\t\t\t\t\t<\/div>\n\t\t\t\t<\/div>\n\t\t\t\t<div class=\"elementor-element elementor-element-3e4c9a1c elementor-flip-box--effect-push elementor-flip-box--direction-up elementor-widget elementor-widget-flip-box\" data-id=\"3e4c9a1c\" data-element_type=\"widget\" data-e-type=\"widget\" data-widget_type=\"flip-box.default\">\n\t\t\t\t<div class=\"elementor-widget-container\">\n\t\t\t\t\t\t\t<div class=\"elementor-flip-box\" tabindex=\"0\">\n\t\t\t<div class=\"elementor-flip-box__layer elementor-flip-box__front\">\n\t\t\t\t<div class=\"elementor-flip-box__layer__overlay\">\n\t\t\t\t\t<div class=\"elementor-flip-box__layer__inner\">\n\t\t\t\t\t\t\t\t\t\t\t\t\t<div class=\"elementor-icon-wrapper elementor-view-default\">\n\t\t\t\t\t\t\t\t<div class=\"elementor-icon\">\n\t\t\t\t\t\t\t\t\t<i aria-hidden=\"true\" class=\"fab fa-nutritionix\"><\/i>\t\t\t\t\t\t\t\t<\/div>\n\t\t\t\t\t\t\t<\/div>\n\t\t\t\t\t\t\n\t\t\t\t\t\t\t\t\t\t\t\t\t<h3 class=\"elementor-flip-box__layer__title\">\n\t\t\t\t\t\t\t\tAlimentation\u200b\t\t\t\t\t\t\t<\/h3>\n\t\t\t\t\t\t\n\t\t\t\t\t\t\t\t\t\t\t<\/div>\n\t\t\t\t<\/div>\n\t\t\t<\/div>\n\t\t\t<div class=\"elementor-flip-box__layer elementor-flip-box__back\">\n\t\t\t<div class=\"elementor-flip-box__layer__overlay\">\n\t\t\t\t<div class=\"elementor-flip-box__layer__inner\">\n\t\t\t\t\t\n\t\t\t\t\t\t\t\t\t\t\t<div class=\"elementor-flip-box__layer__description\">\n\t\t\t\t\t\t\tLes projets de nutrition visent \u00e0 r\u00e9duire la malnutrition et \u00e0 am\u00e9liorer les r\u00e9sultats en mati\u00e8re de sant\u00e9 en fournissant une \u00e9ducation et un soutien nutritionnels. Cela garantit que les communaut\u00e9s, en particulier les enfants et les m\u00e8res, ont acc\u00e8s aux nutriments n\u00e9cessaires \u00e0 un d\u00e9veloppement sain.\t\t\t\t\t\t<\/div>\n\t\t\t\t\t\n\t\t\t\t\t\t\t\t<\/div>\n\t\t<\/div>\n\t\t<\/div>\n\t\t<\/div>\n\t\t\t\t\t\t<\/div>\n\t\t\t\t<\/div>\n\t\t\t\t\t<\/div>\n\t\t\t\t<\/div>\n\t\t\t\t\t<\/div>\n\t\t\t\t<\/div>\n\t\t\t\t\t<\/div>\n\t\t<\/div>\n\t\t\t\t\t<\/div>\n\t\t<\/section>\n\t\t\t\t<\/div>","protected":false},"excerpt":{"rendered":"<p>Aidez-nous \u00e0 soutenir les efforts de secours pour les personnes touch\u00e9es par l&#039;ouragan Beryl en Jama\u00efque, \u00e0 la Grenade, \u00e0 Saint-Vincent-et-les Grenadines, \u00e0 Sainte-Lucie et au Mexique en faisant un don \u00e0 ADRaA Canada d\u00e8s aujourd&#039;hui.<\/p>","protected":false},"author":15,"featured_media":0,"parent":0,"menu_order":0,"comment_status":"closed","ping_status":"closed","template":"","meta":{"footnotes":""},"class_list":["post-123090","page","type-page","status-publish","hentry"],"_links":{"self":[{"href":"https:\/\/adra.ca\/fr\/wp-json\/wp\/v2\/pages\/123090","targetHints":{"allow":["GET"]}}],"collection":[{"href":"https:\/\/adra.ca\/fr\/wp-json\/wp\/v2\/pages"}],"about":[{"href":"https:\/\/adra.ca\/fr\/wp-json\/wp\/v2\/types\/page"}],"author":[{"embeddable":true,"href":"https:\/\/adra.ca\/fr\/wp-json\/wp\/v2\/users\/15"}],"replies":[{"embeddable":true,"href":"https:\/\/adra.ca\/fr\/wp-json\/wp\/v2\/comments?post=123090"}],"version-history":[{"count":0,"href":"https:\/\/adra.ca\/fr\/wp-json\/wp\/v2\/pages\/123090\/revisions"}],"wp:attachment":[{"href":"https:\/\/adra.ca\/fr\/wp-json\/wp\/v2\/media?parent=123090"}],"curies":[{"name":"wp","href":"https:\/\/api.w.org\/{rel}","templated":true}]}}